{"id":138,"date":"2017-01-13T06:41:00","date_gmt":"2017-01-13T05:41:00","guid":{"rendered":"http:\/\/feuerwehr-eltmann.de\/?post_type=einsatz&#038;p=138"},"modified":"2017-07-22T15:18:09","modified_gmt":"2017-07-22T13:18:09","slug":"verkehrsunfall","status":"publish","type":"einsatz","link":"https:\/\/feuerwehr-eltmann.de\/?einsatz=verkehrsunfall","title":{"rendered":"VU mit PKW"},"content":{"rendered":"<p>Aufgrund der winterlichen Stra\u00dfenverh\u00e4ltnisse geriet ein PKW ins Rutschen und kam im Stra\u00dfengraben zum Stehen. Die FF Eltmann \u00fcbernahm die Absicherung und das Ausleuchten der Unfallstelle. Der Fahrer blieb unverletzt. Am Fahrzeug entstand ein geringer Sachschaden.<\/p>\n","protected":false},"author":1,"featured_media":0,"template":"","meta":{"einsatz_weight":1,"footnotes":""},"categories":[],"tags":[54],"einsatzart":[48],"fahrzeug":[13,12,17],"exteinsatzmittel":[19],"alarmierungsart":[],"evw_unit":[],"class_list":["post-138","einsatz","type-einsatz","status-publish","hentry","tag-vu-mit-pkw","einsatzart-thl-1","fahrzeug-elw1","fahrzeug-hlf20","fahrzeug-vlkw","exteinsatzmittel-rettungsdienst"],"_links":{"self":[{"href":"https:\/\/feuerwehr-eltmann.de\/index.php?rest_route=\/wp\/v2\/einsatz\/138","targetHints":{"allow":["GET"]}}],"collection":[{"href":"https:\/\/feuerwehr-eltmann.de\/index.php?rest_route=\/wp\/v2\/einsatz"}],"about":[{"href":"https:\/\/feuerwehr-eltmann.de\/index.php?rest_route=\/wp\/v2\/types\/einsatz"}],"author":[{"embeddable":true,"href":"https:\/\/feuerwehr-eltmann.de\/index.php?rest_route=\/wp\/v2\/users\/1"}],"version-history":[{"count":2,"href":"https:\/\/feuerwehr-eltmann.de\/index.php?rest_route=\/wp\/v2\/einsatz\/138\/revisions"}],"predecessor-version":[{"id":187,"href":"https:\/\/feuerwehr-eltmann.de\/index.php?rest_route=\/wp\/v2\/einsatz\/138\/revisions\/187"}],"wp:attachment":[{"href":"https:\/\/feuerwehr-eltmann.de\/index.php?rest_route=%2Fwp%2Fv2%2Fmedia&parent=138"}],"wp:term":[{"taxonomy":"category","embeddable":true,"href":"https:\/\/feuerwehr-eltmann.de\/index.php?rest_route=%2Fwp%2Fv2%2Fcategories&post=138"},{"taxonomy":"post_tag","embeddable":true,"href":"https:\/\/feuerwehr-eltmann.de\/index.php?rest_route=%2Fwp%2Fv2%2Ftags&post=138"},{"taxonomy":"einsatzart","embeddable":true,"href":"https:\/\/feuerwehr-eltmann.de\/index.php?rest_route=%2Fwp%2Fv2%2Feinsatzart&post=138"},{"taxonomy":"fahrzeug","embeddable":true,"href":"https:\/\/feuerwehr-eltmann.de\/index.php?rest_route=%2Fwp%2Fv2%2Ffahrzeug&post=138"},{"taxonomy":"exteinsatzmittel","embeddable":true,"href":"https:\/\/feuerwehr-eltmann.de\/index.php?rest_route=%2Fwp%2Fv2%2Fexteinsatzmittel&post=138"},{"taxonomy":"alarmierungsart","embeddable":true,"href":"https:\/\/feuerwehr-eltmann.de\/index.php?rest_route=%2Fwp%2Fv2%2Falarmierungsart&post=138"},{"taxonomy":"evw_unit","embeddable":true,"href":"https:\/\/feuerwehr-eltmann.de\/index.php?rest_route=%2Fwp%2Fv2%2Fevw_unit&post=138"}],"curies":[{"name":"wp","href":"https:\/\/api.w.org\/{rel}","templated":true}]}}