{"id":2127,"date":"2018-05-05T11:20:00","date_gmt":"2018-05-05T09:20:00","guid":{"rendered":"http:\/\/feuerwehr-eltmann.de\/?post_type=einsatz&#038;p=2127"},"modified":"2018-05-19T13:05:59","modified_gmt":"2018-05-19T11:05:59","slug":"vu-mit-motorrad-3","status":"publish","type":"einsatz","link":"https:\/\/feuerwehr-eltmann.de\/?einsatz=vu-mit-motorrad-3","title":{"rendered":"VU mit Motorrad"},"content":{"rendered":"<h2 class=\"read\">Motorradfahrer stirbt nach Zusammensto\u00df mit Auto<\/h2>\n<h3 class=\"read\">Im Landkreis Ha\u00dfberge ist es am sp\u00e4ten Samstagvormittag gegen 11 Uhr zu einem t\u00f6dlichen Verkehrsunfall gekommen. Ein Autofahrer \u00fcbersah auf der B26 beim Abbiegen einen Motorradfahrer.<\/h3>\n<p>(Bericht: NeuePresse)<\/p>\n<p><!--more--><\/p>\n<div id=\"artikeltext\" class=\"read\">\n<p><em>Eltmann<\/em> <em>&#8211;<\/em> T\u00f6dliche Verletzungen erlitt ein 46-j\u00e4hriger Motorradfahrer, als er am sp\u00e4ten Samstagvormittag mit einem Pkw kollidierte. Nach ersten Erkenntnissen zum Unfallhergang fuhr ein 27-J\u00e4hriger aus dem Landkreis Ha\u00dfberge mit seinem Mitsubishi kurz vor 11 Uhr auf der Bundesstra\u00dfe B 26 in Richtung Eltmann. Bei Ro\u00dfstadt wollte er dem Sachstand nach vom Linksabbiegerstreifen nach links in die Frankenstra\u00dfe abbiegen und \u00fcbersah wohl den entgegenkommenden und in Richtung Bamberg fahrenden Kraftradfahrer.<\/p>\n<p>In der Folge kollidierten beide Fahrzeuge frontal. Der 46-j\u00e4hrige Motorradfahrer aus dem Landkreis Rh\u00f6n-Grabfeld st\u00fcrzte schwer, seine Suzuki rutschte in den Stra\u00dfengraben und fing Feuer. Zeugen, darunter unter anderem auch eine Krankenschwester, leisteten sofort vorbildlich Erste Hilfe. Sie w\u00e4hlten au\u00dferdem den Notruf, k\u00fcmmerten sich um den Schwerverletzten und versuchten das Motorrad mit Feuerl\u00f6schern zu l\u00f6schen. Rasch waren in der Folge Streifen der Ha\u00dffurter Polizeiinspektion, der Rettungsdienst samt Notarzt und die \u00f6rtlichen Freiwilligen Feuerwehren aus Eltmann, Trunstadt und Ro\u00dfstadt vor Ort. F\u00fcr den 46-J\u00e4hrigen kam allerdings jede Hilfe zu sp\u00e4t.<\/p>\n<p>Die Unfallermittlungen f\u00fchrt die Polizeiinspektion Ha\u00dffurt in enger Abstimmung mit der Staatsanwaltschaft Bamberg. Auf Anordnung dieser kam auch ein Sachverst\u00e4ndiger vor Ort. F\u00fcr die Dauer der Unfallaufnahme war die B 26 f\u00fcr mehrere Stunden voll gesperrt. Stra\u00dfenmeisterei und Feuerwehr k\u00fcmmerten sich um die Aufr\u00e4um- und Bergungsarbeiten. <em>pol<\/em><\/p>\n<\/div>\n","protected":false},"author":2,"featured_media":0,"template":"","meta":{"einsatz_weight":1,"footnotes":""},"categories":[],"tags":[82],"einsatzart":[48],"fahrzeug":[13],"exteinsatzmittel":[67,170,20],"alarmierungsart":[],"evw_unit":[],"class_list":["post-2127","einsatz","type-einsatz","status-publish","hentry","tag-vu-mit-motorrad","einsatzart-thl-1","fahrzeug-elw1","exteinsatzmittel-ff-rossstadt","exteinsatzmittel-ff-trunstadt","exteinsatzmittel-polizei"],"_links":{"self":[{"href":"https:\/\/feuerwehr-eltmann.de\/index.php?rest_route=\/wp\/v2\/einsatz\/2127","targetHints":{"allow":["GET"]}}],"collection":[{"href":"https:\/\/feuerwehr-eltmann.de\/index.php?rest_route=\/wp\/v2\/einsatz"}],"about":[{"href":"https:\/\/feuerwehr-eltmann.de\/index.php?rest_route=\/wp\/v2\/types\/einsatz"}],"author":[{"embeddable":true,"href":"https:\/\/feuerwehr-eltmann.de\/index.php?rest_route=\/wp\/v2\/users\/2"}],"version-history":[{"count":3,"href":"https:\/\/feuerwehr-eltmann.de\/index.php?rest_route=\/wp\/v2\/einsatz\/2127\/revisions"}],"predecessor-version":[{"id":2130,"href":"https:\/\/feuerwehr-eltmann.de\/index.php?rest_route=\/wp\/v2\/einsatz\/2127\/revisions\/2130"}],"wp:attachment":[{"href":"https:\/\/feuerwehr-eltmann.de\/index.php?rest_route=%2Fwp%2Fv2%2Fmedia&parent=2127"}],"wp:term":[{"taxonomy":"category","embeddable":true,"href":"https:\/\/feuerwehr-eltmann.de\/index.php?rest_route=%2Fwp%2Fv2%2Fcategories&post=2127"},{"taxonomy":"post_tag","embeddable":true,"href":"https:\/\/feuerwehr-eltmann.de\/index.php?rest_route=%2Fwp%2Fv2%2Ftags&post=2127"},{"taxonomy":"einsatzart","embeddable":true,"href":"https:\/\/feuerwehr-eltmann.de\/index.php?rest_route=%2Fwp%2Fv2%2Feinsatzart&post=2127"},{"taxonomy":"fahrzeug","embeddable":true,"href":"https:\/\/feuerwehr-eltmann.de\/index.php?rest_route=%2Fwp%2Fv2%2Ffahrzeug&post=2127"},{"taxonomy":"exteinsatzmittel","embeddable":true,"href":"https:\/\/feuerwehr-eltmann.de\/index.php?rest_route=%2Fwp%2Fv2%2Fexteinsatzmittel&post=2127"},{"taxonomy":"alarmierungsart","embeddable":true,"href":"https:\/\/feuerwehr-eltmann.de\/index.php?rest_route=%2Fwp%2Fv2%2Falarmierungsart&post=2127"},{"taxonomy":"evw_unit","embeddable":true,"href":"https:\/\/feuerwehr-eltmann.de\/index.php?rest_route=%2Fwp%2Fv2%2Fevw_unit&post=2127"}],"curies":[{"name":"wp","href":"https:\/\/api.w.org\/{rel}","templated":true}]}}