{"id":898,"date":"2015-08-16T19:48:00","date_gmt":"2015-08-16T17:48:00","guid":{"rendered":"http:\/\/wordpress.feuerwehr-eltmann.de\/?post_type=einsatz&#038;p=898"},"modified":"2017-08-06T10:38:26","modified_gmt":"2017-08-06T08:38:26","slug":"vu-mit-motorroller","status":"publish","type":"einsatz","link":"https:\/\/feuerwehr-eltmann.de\/?einsatz=vu-mit-motorroller","title":{"rendered":"VU mit Motorroller"},"content":{"rendered":"<h2 class=\"auto-style1\">17-J\u00e4hriger bleibt bei Sturz unverletzt<\/h2>\n<p align=\"justify\">Am Sonnntagabend gegen 19:45 Uhr fuhr ein 17-J\u00e4hriger mit seinem Leichtkraftrad in Eltmann auf der Oskar-Serand-Stra\u00dfe und wollte in die Dr.-Georg-Sch\u00e4fer-Stra\u00dfe einbiegen. Dabei kam er alleinbeteiligt zu Sturz, verletzte sich gl\u00fccklicherweise aber nicht.<\/p>\n<p align=\"justify\">Durch den Sturz brach der Lenker an der rechten Seite und es lief Benzin auf die Stra\u00dfe. Den ausgelaufenen Kraftstoff band die Feuerwehr Eltmann ab. Der Schaden am Moped betr\u00e4gt rund 400 Euro.<\/p>\n","protected":false},"author":2,"featured_media":0,"template":"","meta":{"einsatz_weight":1,"footnotes":""},"categories":[],"tags":[141],"einsatzart":[48],"fahrzeug":[13,12],"exteinsatzmittel":[],"alarmierungsart":[],"evw_unit":[],"class_list":["post-898","einsatz","type-einsatz","status-publish","hentry","tag-vu-mit-motorroller","einsatzart-thl-1","fahrzeug-elw1","fahrzeug-hlf20"],"_links":{"self":[{"href":"https:\/\/feuerwehr-eltmann.de\/index.php?rest_route=\/wp\/v2\/einsatz\/898","targetHints":{"allow":["GET"]}}],"collection":[{"href":"https:\/\/feuerwehr-eltmann.de\/index.php?rest_route=\/wp\/v2\/einsatz"}],"about":[{"href":"https:\/\/feuerwehr-eltmann.de\/index.php?rest_route=\/wp\/v2\/types\/einsatz"}],"author":[{"embeddable":true,"href":"https:\/\/feuerwehr-eltmann.de\/index.php?rest_route=\/wp\/v2\/users\/2"}],"version-history":[{"count":1,"href":"https:\/\/feuerwehr-eltmann.de\/index.php?rest_route=\/wp\/v2\/einsatz\/898\/revisions"}],"predecessor-version":[{"id":899,"href":"https:\/\/feuerwehr-eltmann.de\/index.php?rest_route=\/wp\/v2\/einsatz\/898\/revisions\/899"}],"wp:attachment":[{"href":"https:\/\/feuerwehr-eltmann.de\/index.php?rest_route=%2Fwp%2Fv2%2Fmedia&parent=898"}],"wp:term":[{"taxonomy":"category","embeddable":true,"href":"https:\/\/feuerwehr-eltmann.de\/index.php?rest_route=%2Fwp%2Fv2%2Fcategories&post=898"},{"taxonomy":"post_tag","embeddable":true,"href":"https:\/\/feuerwehr-eltmann.de\/index.php?rest_route=%2Fwp%2Fv2%2Ftags&post=898"},{"taxonomy":"einsatzart","embeddable":true,"href":"https:\/\/feuerwehr-eltmann.de\/index.php?rest_route=%2Fwp%2Fv2%2Feinsatzart&post=898"},{"taxonomy":"fahrzeug","embeddable":true,"href":"https:\/\/feuerwehr-eltmann.de\/index.php?rest_route=%2Fwp%2Fv2%2Ffahrzeug&post=898"},{"taxonomy":"exteinsatzmittel","embeddable":true,"href":"https:\/\/feuerwehr-eltmann.de\/index.php?rest_route=%2Fwp%2Fv2%2Fexteinsatzmittel&post=898"},{"taxonomy":"alarmierungsart","embeddable":true,"href":"https:\/\/feuerwehr-eltmann.de\/index.php?rest_route=%2Fwp%2Fv2%2Falarmierungsart&post=898"},{"taxonomy":"evw_unit","embeddable":true,"href":"https:\/\/feuerwehr-eltmann.de\/index.php?rest_route=%2Fwp%2Fv2%2Fevw_unit&post=898"}],"curies":[{"name":"wp","href":"https:\/\/api.w.org\/{rel}","templated":true}]}}