{"id":498,"date":"2017-08-05T10:54:05","date_gmt":"2017-08-05T08:54:05","guid":{"rendered":"http:\/\/feuerwehr-eltmann.de\/?page_id=498"},"modified":"2017-11-25T15:25:12","modified_gmt":"2017-11-25T14:25:12","slug":"alarmierungen-2015","status":"publish","type":"page","link":"https:\/\/feuerwehr-eltmann.de\/?page_id=498","title":{"rendered":"Eins\u00e4tze 2015"},"content":{"rendered":"<p><code class=\"codeblock\"><table class=\"einsatzverwaltung-reportlist\"><tbody><tr class=\"einsatz-title-month\"><td colspan=\"6\">Dezember<\/td><\/tr><tr class=\"einsatz-header\"><th style=\"white-space: nowrap;\">Nummer<\/th><th style=\"white-space: nowrap;\">Datum<\/th><th style=\"\">Einsatzart<\/th><th style=\"\">Einsatzort<\/th><th style=\"\">Einsatzmeldung<\/th><th style=\"\"><\/th><\/tr><tr class=\"report\"><td class=\"smallscreen\" colspan=\"6\" data-permalink=\"https:\/\/feuerwehr-eltmann.de\/?einsatz=brand-holzhuette\"><div class=\"annotation-icon-bar\"><i class=\"fa-solid fa-camera\" aria-hidden=\"true\" title=\"Bericht enth\u00e4lt keine Bilder\" style=\"color: #bbbbbb;\"><\/i><\/div><span class=\"einsatz-number\"><strong>Nummer:<\/strong> 2015078<\/span><br><span class=\"einsatz-datetime\"><strong>Datum:<\/strong> 31.12.2015 13:04<\/span><br><span class=\"einsatz-incidentType\"><strong>Einsatzart:<\/strong> B 3<\/span><br><span class=\"einsatz-location\"><strong>Einsatzort:<\/strong> Eschenbach<\/span><br><span class=\"einsatz-title\"><strong>Einsatzmeldung:<\/strong> <a href=\"https:\/\/feuerwehr-eltmann.de\/?einsatz=brand-holzhuette\" rel=\"bookmark\">Brand Holzh\u00fctte<\/a><\/span><br><\/td><td class=\"einsatz-column-number\">2015078<\/td><td class=\"einsatz-column-datetime\">31.12.2015 13:04<\/td><td class=\"einsatz-column-incidentType\">B 3<\/td><td class=\"einsatz-column-location\">Eschenbach<\/td><td class=\"einsatz-column-title\"><a href=\"https:\/\/feuerwehr-eltmann.de\/?einsatz=brand-holzhuette\" rel=\"bookmark\">Brand Holzh\u00fctte<\/a><\/td><td class=\"einsatz-column-annotationImages\"><i class=\"fa-solid fa-camera\" aria-hidden=\"true\" title=\"Bericht enth\u00e4lt keine Bilder\" style=\"color: #bbbbbb;\"><\/i><\/td><\/tr><tr class=\"report\"><td class=\"smallscreen\" colspan=\"6\" data-permalink=\"https:\/\/feuerwehr-eltmann.de\/?einsatz=brand-muellcontainer-3\"><div class=\"annotation-icon-bar\"><i class=\"fa-solid fa-camera\" aria-hidden=\"true\" title=\"Bericht enth\u00e4lt keine Bilder\" style=\"color: #bbbbbb;\"><\/i><\/div><span class=\"einsatz-number\"><strong>Nummer:<\/strong> 2015077<\/span><br><span class=\"einsatz-datetime\"><strong>Datum:<\/strong> 17.12.2015 08:22<\/span><br><span class=\"einsatz-incidentType\"><strong>Einsatzart:<\/strong> B 1<\/span><br><span class=\"einsatz-location\"><strong>Einsatzort:<\/strong> Eltmann, Wertstoffhof<\/span><br><span class=\"einsatz-title\"><strong>Einsatzmeldung:<\/strong> <a href=\"https:\/\/feuerwehr-eltmann.de\/?einsatz=brand-muellcontainer-3\" rel=\"bookmark\">Brand M\u00fcllcontainer<\/a><\/span><br><\/td><td class=\"einsatz-column-number\">2015077<\/td><td class=\"einsatz-column-datetime\">17.12.2015 08:22<\/td><td class=\"einsatz-column-incidentType\">B 1<\/td><td class=\"einsatz-column-location\">Eltmann, Wertstoffhof<\/td><td class=\"einsatz-column-title\"><a href=\"https:\/\/feuerwehr-eltmann.de\/?einsatz=brand-muellcontainer-3\" rel=\"bookmark\">Brand M\u00fcllcontainer<\/a><\/td><td class=\"einsatz-column-annotationImages\"><i class=\"fa-solid fa-camera\" aria-hidden=\"true\" title=\"Bericht enth\u00e4lt keine Bilder\" style=\"color: #bbbbbb;\"><\/i><\/td><\/tr><tr class=\"einsatz-title-month\"><td colspan=\"6\">November<\/td><\/tr><tr class=\"einsatz-header\"><th style=\"white-space: nowrap;\">Nummer<\/th><th style=\"white-space: nowrap;\">Datum<\/th><th style=\"\">Einsatzart<\/th><th style=\"\">Einsatzort<\/th><th style=\"\">Einsatzmeldung<\/th><th style=\"\"><\/th><\/tr><tr class=\"report\"><td class=\"smallscreen\" colspan=\"6\" data-permalink=\"https:\/\/feuerwehr-eltmann.de\/?einsatz=brandmeldeanlage-29\"><div class=\"annotation-icon-bar\"><i class=\"fa-solid fa-camera\" aria-hidden=\"true\" title=\"Bericht enth\u00e4lt keine Bilder\" style=\"color: #bbbbbb;\"><\/i><\/div><span class=\"einsatz-number\"><strong>Nummer:<\/strong> 2015076<\/span><br><span class=\"einsatz-datetime\"><strong>Datum:<\/strong> 29.11.2015 21:57<\/span><br><span class=\"einsatz-incidentType\"><strong>Einsatzart:<\/strong> B BMA<\/span><br><span class=\"einsatz-location\"><strong>Einsatzort:<\/strong> A70, Tunnel Schwarzer Berg<\/span><br><span class=\"einsatz-title\"><strong>Einsatzmeldung:<\/strong> <a href=\"https:\/\/feuerwehr-eltmann.de\/?einsatz=brandmeldeanlage-29\" rel=\"bookmark\">Brandmeldeanlage<\/a><\/span><br><\/td><td class=\"einsatz-column-number\">2015076<\/td><td class=\"einsatz-column-datetime\">29.11.2015 21:57<\/td><td class=\"einsatz-column-incidentType\">B BMA<\/td><td class=\"einsatz-column-location\">A70, Tunnel Schwarzer Berg<\/td><td class=\"einsatz-column-title\"><a href=\"https:\/\/feuerwehr-eltmann.de\/?einsatz=brandmeldeanlage-29\" rel=\"bookmark\">Brandmeldeanlage<\/a><\/td><td class=\"einsatz-column-annotationImages\"><i class=\"fa-solid fa-camera\" aria-hidden=\"true\" title=\"Bericht enth\u00e4lt keine Bilder\" style=\"color: #bbbbbb;\"><\/i><\/td><\/tr><tr class=\"report\"><td class=\"smallscreen\" colspan=\"6\" data-permalink=\"https:\/\/feuerwehr-eltmann.de\/?einsatz=sicherheitswache-burgweihnacht-2\"><div class=\"annotation-icon-bar\"><i class=\"fa-solid fa-camera\" aria-hidden=\"true\" title=\"Bericht enth\u00e4lt keine Bilder\" style=\"color: #bbbbbb;\"><\/i><\/div><span class=\"einsatz-number\"><strong>Nummer:<\/strong> 2015075<\/span><br><span class=\"einsatz-datetime\"><strong>Datum:<\/strong> 28.11.2015 12:30<\/span><br><span class=\"einsatz-incidentType\"><strong>Einsatzart:<\/strong> INF SICHERHEITSWACHE<\/span><br><span class=\"einsatz-location\"><strong>Einsatzort:<\/strong> Eltmann, Wallburg<\/span><br><span class=\"einsatz-title\"><strong>Einsatzmeldung:<\/strong> <a href=\"https:\/\/feuerwehr-eltmann.de\/?einsatz=sicherheitswache-burgweihnacht-2\" rel=\"bookmark\">Sicherheitswache Burgweihnacht<\/a><\/span><br><\/td><td class=\"einsatz-column-number\">2015075<\/td><td class=\"einsatz-column-datetime\">28.11.2015 12:30<\/td><td class=\"einsatz-column-incidentType\">INF SICHERHEITSWACHE<\/td><td class=\"einsatz-column-location\">Eltmann, Wallburg<\/td><td class=\"einsatz-column-title\"><a href=\"https:\/\/feuerwehr-eltmann.de\/?einsatz=sicherheitswache-burgweihnacht-2\" rel=\"bookmark\">Sicherheitswache Burgweihnacht<\/a><\/td><td class=\"einsatz-column-annotationImages\"><i class=\"fa-solid fa-camera\" aria-hidden=\"true\" title=\"Bericht enth\u00e4lt keine Bilder\" style=\"color: #bbbbbb;\"><\/i><\/td><\/tr><tr class=\"report\"><td class=\"smallscreen\" colspan=\"6\" data-permalink=\"https:\/\/feuerwehr-eltmann.de\/?einsatz=verkehrslenkung-martinsumzug-2\"><div class=\"annotation-icon-bar\"><i class=\"fa-solid fa-camera\" aria-hidden=\"true\" title=\"Bericht enth\u00e4lt keine Bilder\" style=\"color: #bbbbbb;\"><\/i><\/div><span class=\"einsatz-number\"><strong>Nummer:<\/strong> 2015074<\/span><br><span class=\"einsatz-datetime\"><strong>Datum:<\/strong> 13.11.2015 17:30<\/span><br><span class=\"einsatz-incidentType\"><strong>Einsatzart:<\/strong> INF VERKEHRSSICHERUNG<\/span><br><span class=\"einsatz-location\"><strong>Einsatzort:<\/strong> Eltmann<\/span><br><span class=\"einsatz-title\"><strong>Einsatzmeldung:<\/strong> <a href=\"https:\/\/feuerwehr-eltmann.de\/?einsatz=verkehrslenkung-martinsumzug-2\" rel=\"bookmark\">Verkehrslenkung Martinsumzug<\/a><\/span><br><\/td><td class=\"einsatz-column-number\">2015074<\/td><td class=\"einsatz-column-datetime\">13.11.2015 17:30<\/td><td class=\"einsatz-column-incidentType\">INF VERKEHRSSICHERUNG<\/td><td class=\"einsatz-column-location\">Eltmann<\/td><td class=\"einsatz-column-title\"><a href=\"https:\/\/feuerwehr-eltmann.de\/?einsatz=verkehrslenkung-martinsumzug-2\" rel=\"bookmark\">Verkehrslenkung Martinsumzug<\/a><\/td><td class=\"einsatz-column-annotationImages\"><i class=\"fa-solid fa-camera\" aria-hidden=\"true\" title=\"Bericht enth\u00e4lt keine Bilder\" style=\"color: #bbbbbb;\"><\/i><\/td><\/tr><tr class=\"report\"><td class=\"smallscreen\" colspan=\"6\" data-permalink=\"https:\/\/feuerwehr-eltmann.de\/?einsatz=rauchentwicklung-im-freien-6\"><div class=\"annotation-icon-bar\"><i class=\"fa-solid fa-camera\" aria-hidden=\"true\" title=\"Bericht enth\u00e4lt keine Bilder\" style=\"color: #bbbbbb;\"><\/i><\/div><span class=\"einsatz-number\"><strong>Nummer:<\/strong> 2015073<\/span><br><span class=\"einsatz-datetime\"><strong>Datum:<\/strong> 07.11.2015 16:59<\/span><br><span class=\"einsatz-incidentType\"><strong>Einsatzart:<\/strong> B 1<\/span><br><span class=\"einsatz-location\"><strong>Einsatzort:<\/strong> Eltmann<\/span><br><span class=\"einsatz-title\"><strong>Einsatzmeldung:<\/strong> <a href=\"https:\/\/feuerwehr-eltmann.de\/?einsatz=rauchentwicklung-im-freien-6\" rel=\"bookmark\">Rauchentwicklung im Freien<\/a><\/span><br><\/td><td class=\"einsatz-column-number\">2015073<\/td><td class=\"einsatz-column-datetime\">07.11.2015 16:59<\/td><td class=\"einsatz-column-incidentType\">B 1<\/td><td class=\"einsatz-column-location\">Eltmann<\/td><td class=\"einsatz-column-title\"><a href=\"https:\/\/feuerwehr-eltmann.de\/?einsatz=rauchentwicklung-im-freien-6\" rel=\"bookmark\">Rauchentwicklung im Freien<\/a><\/td><td class=\"einsatz-column-annotationImages\"><i class=\"fa-solid fa-camera\" aria-hidden=\"true\" title=\"Bericht enth\u00e4lt keine Bilder\" style=\"color: #bbbbbb;\"><\/i><\/td><\/tr><tr class=\"report\"><td class=\"smallscreen\" colspan=\"6\" data-permalink=\"https:\/\/feuerwehr-eltmann.de\/?einsatz=oelspur-21\"><div class=\"annotation-icon-bar\"><i class=\"fa-solid fa-camera\" aria-hidden=\"true\" title=\"Bericht enth\u00e4lt keine Bilder\" style=\"color: #bbbbbb;\"><\/i><\/div><span class=\"einsatz-number\"><strong>Nummer:<\/strong> 2015072<\/span><br><span class=\"einsatz-datetime\"><strong>Datum:<\/strong> 07.11.2015 14:04<\/span><br><span class=\"einsatz-incidentType\"><strong>Einsatzart:<\/strong> THL 1<\/span><br><span class=\"einsatz-location\"><strong>Einsatzort:<\/strong> Dippach<\/span><br><span class=\"einsatz-title\"><strong>Einsatzmeldung:<\/strong> <a href=\"https:\/\/feuerwehr-eltmann.de\/?einsatz=oelspur-21\" rel=\"bookmark\">\u00d6lspur<\/a><\/span><br><\/td><td class=\"einsatz-column-number\">2015072<\/td><td class=\"einsatz-column-datetime\">07.11.2015 14:04<\/td><td class=\"einsatz-column-incidentType\">THL 1<\/td><td class=\"einsatz-column-location\">Dippach<\/td><td class=\"einsatz-column-title\"><a href=\"https:\/\/feuerwehr-eltmann.de\/?einsatz=oelspur-21\" rel=\"bookmark\">\u00d6lspur<\/a><\/td><td class=\"einsatz-column-annotationImages\"><i class=\"fa-solid fa-camera\" aria-hidden=\"true\" title=\"Bericht enth\u00e4lt keine Bilder\" style=\"color: #bbbbbb;\"><\/i><\/td><\/tr><tr class=\"zebracorrection\"><td colspan=\"6\">&nbsp;<\/td><\/tr><tr class=\"einsatz-title-month\"><td colspan=\"6\">Oktober<\/td><\/tr><tr class=\"einsatz-header\"><th style=\"white-space: nowrap;\">Nummer<\/th><th style=\"white-space: nowrap;\">Datum<\/th><th style=\"\">Einsatzart<\/th><th style=\"\">Einsatzort<\/th><th style=\"\">Einsatzmeldung<\/th><th style=\"\"><\/th><\/tr><tr class=\"report\"><td class=\"smallscreen\" colspan=\"6\" data-permalink=\"https:\/\/feuerwehr-eltmann.de\/?einsatz=person-in-wohnung-12\"><div class=\"annotation-icon-bar\"><i class=\"fa-solid fa-camera\" aria-hidden=\"true\" title=\"Bericht enth\u00e4lt keine Bilder\" style=\"color: #bbbbbb;\"><\/i><\/div><span class=\"einsatz-number\"><strong>Nummer:<\/strong> 2015071<\/span><br><span class=\"einsatz-datetime\"><strong>Datum:<\/strong> 28.10.2015 07:39<\/span><br><span class=\"einsatz-incidentType\"><strong>Einsatzart:<\/strong> THL P EINGESCHLOSSEN<\/span><br><span class=\"einsatz-location\"><strong>Einsatzort:<\/strong> Eltmann<\/span><br><span class=\"einsatz-title\"><strong>Einsatzmeldung:<\/strong> <a href=\"https:\/\/feuerwehr-eltmann.de\/?einsatz=person-in-wohnung-12\" rel=\"bookmark\">Person in Wohnung<\/a><\/span><br><\/td><td class=\"einsatz-column-number\">2015071<\/td><td class=\"einsatz-column-datetime\">28.10.2015 07:39<\/td><td class=\"einsatz-column-incidentType\">THL P EINGESCHLOSSEN<\/td><td class=\"einsatz-column-location\">Eltmann<\/td><td class=\"einsatz-column-title\"><a href=\"https:\/\/feuerwehr-eltmann.de\/?einsatz=person-in-wohnung-12\" rel=\"bookmark\">Person in Wohnung<\/a><\/td><td class=\"einsatz-column-annotationImages\"><i class=\"fa-solid fa-camera\" aria-hidden=\"true\" title=\"Bericht enth\u00e4lt keine Bilder\" style=\"color: #bbbbbb;\"><\/i><\/td><\/tr><tr class=\"report\"><td class=\"smallscreen\" colspan=\"6\" data-permalink=\"https:\/\/feuerwehr-eltmann.de\/?einsatz=vu-mit-pkw-14\"><div class=\"annotation-icon-bar\"><i class=\"fa-solid fa-camera\" aria-hidden=\"true\" title=\"Bericht enth\u00e4lt keine Bilder\" style=\"color: #bbbbbb;\"><\/i><\/div><span class=\"einsatz-number\"><strong>Nummer:<\/strong> 2015070<\/span><br><span class=\"einsatz-datetime\"><strong>Datum:<\/strong> 23.10.2015 09:58<\/span><br><span class=\"einsatz-incidentType\"><strong>Einsatzart:<\/strong> THL 1<\/span><br><span class=\"einsatz-location\"><strong>Einsatzort:<\/strong> A70<\/span><br><span class=\"einsatz-title\"><strong>Einsatzmeldung:<\/strong> <a href=\"https:\/\/feuerwehr-eltmann.de\/?einsatz=vu-mit-pkw-14\" rel=\"bookmark\">VU mit PKW<\/a><\/span><br><\/td><td class=\"einsatz-column-number\">2015070<\/td><td class=\"einsatz-column-datetime\">23.10.2015 09:58<\/td><td class=\"einsatz-column-incidentType\">THL 1<\/td><td class=\"einsatz-column-location\">A70<\/td><td class=\"einsatz-column-title\"><a href=\"https:\/\/feuerwehr-eltmann.de\/?einsatz=vu-mit-pkw-14\" rel=\"bookmark\">VU mit PKW<\/a><\/td><td class=\"einsatz-column-annotationImages\"><i class=\"fa-solid fa-camera\" aria-hidden=\"true\" title=\"Bericht enth\u00e4lt keine Bilder\" style=\"color: #bbbbbb;\"><\/i><\/td><\/tr><tr class=\"report\"><td class=\"smallscreen\" colspan=\"6\" data-permalink=\"https:\/\/feuerwehr-eltmann.de\/?einsatz=vu-mit-pkw-13\"><div class=\"annotation-icon-bar\"><i class=\"fa-solid fa-camera\" aria-hidden=\"true\" title=\"Bericht enth\u00e4lt keine Bilder\" style=\"color: #bbbbbb;\"><\/i><\/div><span class=\"einsatz-number\"><strong>Nummer:<\/strong> 2015069<\/span><br><span class=\"einsatz-datetime\"><strong>Datum:<\/strong> 17.10.2015 10:45<\/span><br><span class=\"einsatz-incidentType\"><strong>Einsatzart:<\/strong> THL 1<\/span><br><span class=\"einsatz-location\"><strong>Einsatzort:<\/strong> Sch\u00f6nbachm\u00fchle - Passm\u00fchle<\/span><br><span class=\"einsatz-title\"><strong>Einsatzmeldung:<\/strong> <a href=\"https:\/\/feuerwehr-eltmann.de\/?einsatz=vu-mit-pkw-13\" rel=\"bookmark\">VU mit PKW<\/a><\/span><br><\/td><td class=\"einsatz-column-number\">2015069<\/td><td class=\"einsatz-column-datetime\">17.10.2015 10:45<\/td><td class=\"einsatz-column-incidentType\">THL 1<\/td><td class=\"einsatz-column-location\">Sch\u00f6nbachm\u00fchle - Passm\u00fchle<\/td><td class=\"einsatz-column-title\"><a href=\"https:\/\/feuerwehr-eltmann.de\/?einsatz=vu-mit-pkw-13\" rel=\"bookmark\">VU mit PKW<\/a><\/td><td class=\"einsatz-column-annotationImages\"><i class=\"fa-solid fa-camera\" aria-hidden=\"true\" title=\"Bericht enth\u00e4lt keine Bilder\" style=\"color: #bbbbbb;\"><\/i><\/td><\/tr><tr class=\"report\"><td class=\"smallscreen\" colspan=\"6\" data-permalink=\"https:\/\/feuerwehr-eltmann.de\/?einsatz=oelspur-20\"><div class=\"annotation-icon-bar\"><i class=\"fa-solid fa-camera\" aria-hidden=\"true\" title=\"Bericht enth\u00e4lt keine Bilder\" style=\"color: #bbbbbb;\"><\/i><\/div><span class=\"einsatz-number\"><strong>Nummer:<\/strong> 2015068<\/span><br><span class=\"einsatz-datetime\"><strong>Datum:<\/strong> 15.10.2015 12:28<\/span><br><span class=\"einsatz-incidentType\"><strong>Einsatzart:<\/strong> THL 1<\/span><br><span class=\"einsatz-location\"><strong>Einsatzort:<\/strong> Eltmann, Industriegebiet<\/span><br><span class=\"einsatz-title\"><strong>Einsatzmeldung:<\/strong> <a href=\"https:\/\/feuerwehr-eltmann.de\/?einsatz=oelspur-20\" rel=\"bookmark\">\u00d6lspur<\/a><\/span><br><\/td><td class=\"einsatz-column-number\">2015068<\/td><td class=\"einsatz-column-datetime\">15.10.2015 12:28<\/td><td class=\"einsatz-column-incidentType\">THL 1<\/td><td class=\"einsatz-column-location\">Eltmann, Industriegebiet<\/td><td class=\"einsatz-column-title\"><a href=\"https:\/\/feuerwehr-eltmann.de\/?einsatz=oelspur-20\" rel=\"bookmark\">\u00d6lspur<\/a><\/td><td class=\"einsatz-column-annotationImages\"><i class=\"fa-solid fa-camera\" aria-hidden=\"true\" title=\"Bericht enth\u00e4lt keine Bilder\" style=\"color: #bbbbbb;\"><\/i><\/td><\/tr><tr class=\"einsatz-title-month\"><td colspan=\"6\">September<\/td><\/tr><tr class=\"einsatz-header\"><th style=\"white-space: nowrap;\">Nummer<\/th><th style=\"white-space: nowrap;\">Datum<\/th><th style=\"\">Einsatzart<\/th><th style=\"\">Einsatzort<\/th><th style=\"\">Einsatzmeldung<\/th><th style=\"\"><\/th><\/tr><tr class=\"report\"><td class=\"smallscreen\" colspan=\"6\" data-permalink=\"https:\/\/feuerwehr-eltmann.de\/?einsatz=vu-mit-pkw-12\"><div class=\"annotation-icon-bar\"><i class=\"fa-solid fa-camera\" aria-hidden=\"true\" title=\"Bericht enth\u00e4lt Bilder\" style=\"\"><\/i><\/div><span class=\"einsatz-number\"><strong>Nummer:<\/strong> 2015067<\/span><br><span class=\"einsatz-datetime\"><strong>Datum:<\/strong> 23.09.2015 06:58<\/span><br><span class=\"einsatz-incidentType\"><strong>Einsatzart:<\/strong> THL 1<\/span><br><span class=\"einsatz-location\"><strong>Einsatzort:<\/strong> A70<\/span><br><span class=\"einsatz-title\"><strong>Einsatzmeldung:<\/strong> <a href=\"https:\/\/feuerwehr-eltmann.de\/?einsatz=vu-mit-pkw-12\" rel=\"bookmark\">VU mit PKW<\/a><\/span><br><\/td><td class=\"einsatz-column-number\">2015067<\/td><td class=\"einsatz-column-datetime\">23.09.2015 06:58<\/td><td class=\"einsatz-column-incidentType\">THL 1<\/td><td class=\"einsatz-column-location\">A70<\/td><td class=\"einsatz-column-title\"><a href=\"https:\/\/feuerwehr-eltmann.de\/?einsatz=vu-mit-pkw-12\" rel=\"bookmark\">VU mit PKW<\/a><\/td><td class=\"einsatz-column-annotationImages\"><i class=\"fa-solid fa-camera\" aria-hidden=\"true\" title=\"Bericht enth\u00e4lt Bilder\" style=\"\"><\/i><\/td><\/tr><tr class=\"report\"><td class=\"smallscreen\" colspan=\"6\" data-permalink=\"https:\/\/feuerwehr-eltmann.de\/?einsatz=brandmeldeanlage-28\"><div class=\"annotation-icon-bar\"><i class=\"fa-solid fa-camera\" aria-hidden=\"true\" title=\"Bericht enth\u00e4lt keine Bilder\" style=\"color: #bbbbbb;\"><\/i><\/div><span class=\"einsatz-number\"><strong>Nummer:<\/strong> 2015066<\/span><br><span class=\"einsatz-datetime\"><strong>Datum:<\/strong> 21.09.2015 13:11<\/span><br><span class=\"einsatz-incidentType\"><strong>Einsatzart:<\/strong> B BMA<\/span><br><span class=\"einsatz-location\"><strong>Einsatzort:<\/strong> A70, Tunnel Schwarzer Berg<\/span><br><span class=\"einsatz-title\"><strong>Einsatzmeldung:<\/strong> <a href=\"https:\/\/feuerwehr-eltmann.de\/?einsatz=brandmeldeanlage-28\" rel=\"bookmark\">Brandmeldeanlage<\/a><\/span><br><\/td><td class=\"einsatz-column-number\">2015066<\/td><td class=\"einsatz-column-datetime\">21.09.2015 13:11<\/td><td class=\"einsatz-column-incidentType\">B BMA<\/td><td class=\"einsatz-column-location\">A70, Tunnel Schwarzer Berg<\/td><td class=\"einsatz-column-title\"><a href=\"https:\/\/feuerwehr-eltmann.de\/?einsatz=brandmeldeanlage-28\" rel=\"bookmark\">Brandmeldeanlage<\/a><\/td><td class=\"einsatz-column-annotationImages\"><i class=\"fa-solid fa-camera\" aria-hidden=\"true\" title=\"Bericht enth\u00e4lt keine Bilder\" style=\"color: #bbbbbb;\"><\/i><\/td><\/tr><tr class=\"report\"><td class=\"smallscreen\" colspan=\"6\" data-permalink=\"https:\/\/feuerwehr-eltmann.de\/?einsatz=zimmerbrand-4\"><div class=\"annotation-icon-bar\"><i class=\"fa-solid fa-camera\" aria-hidden=\"true\" title=\"Bericht enth\u00e4lt keine Bilder\" style=\"color: #bbbbbb;\"><\/i><\/div><span class=\"einsatz-number\"><strong>Nummer:<\/strong> 2015065<\/span><br><span class=\"einsatz-datetime\"><strong>Datum:<\/strong> 19.09.2015 22:58<\/span><br><span class=\"einsatz-incidentType\"><strong>Einsatzart:<\/strong> B 3<\/span><br><span class=\"einsatz-location\"><strong>Einsatzort:<\/strong> Sand am Main<\/span><br><span class=\"einsatz-title\"><strong>Einsatzmeldung:<\/strong> <a href=\"https:\/\/feuerwehr-eltmann.de\/?einsatz=zimmerbrand-4\" rel=\"bookmark\">Zimmerbrand<\/a><\/span><br><\/td><td class=\"einsatz-column-number\">2015065<\/td><td class=\"einsatz-column-datetime\">19.09.2015 22:58<\/td><td class=\"einsatz-column-incidentType\">B 3<\/td><td class=\"einsatz-column-location\">Sand am Main<\/td><td class=\"einsatz-column-title\"><a href=\"https:\/\/feuerwehr-eltmann.de\/?einsatz=zimmerbrand-4\" rel=\"bookmark\">Zimmerbrand<\/a><\/td><td class=\"einsatz-column-annotationImages\"><i class=\"fa-solid fa-camera\" aria-hidden=\"true\" title=\"Bericht enth\u00e4lt keine Bilder\" style=\"color: #bbbbbb;\"><\/i><\/td><\/tr><tr class=\"report\"><td class=\"smallscreen\" colspan=\"6\" data-permalink=\"https:\/\/feuerwehr-eltmann.de\/?einsatz=brand-im-rohrstofflager\"><div class=\"annotation-icon-bar\"><i class=\"fa-solid fa-camera\" aria-hidden=\"true\" title=\"Bericht enth\u00e4lt keine Bilder\" style=\"color: #bbbbbb;\"><\/i><\/div><span class=\"einsatz-number\"><strong>Nummer:<\/strong> 2015064<\/span><br><span class=\"einsatz-datetime\"><strong>Datum:<\/strong> 19.09.2015 03:03<\/span><br><span class=\"einsatz-incidentType\"><strong>Einsatzart:<\/strong> B 4<\/span><br><span class=\"einsatz-location\"><strong>Einsatzort:<\/strong> Eltmann, Industriegebiet<\/span><br><span class=\"einsatz-title\"><strong>Einsatzmeldung:<\/strong> <a href=\"https:\/\/feuerwehr-eltmann.de\/?einsatz=brand-im-rohrstofflager\" rel=\"bookmark\">Brand Rohrstofflager<\/a><\/span><br><\/td><td class=\"einsatz-column-number\">2015064<\/td><td class=\"einsatz-column-datetime\">19.09.2015 03:03<\/td><td class=\"einsatz-column-incidentType\">B 4<\/td><td class=\"einsatz-column-location\">Eltmann, Industriegebiet<\/td><td class=\"einsatz-column-title\"><a href=\"https:\/\/feuerwehr-eltmann.de\/?einsatz=brand-im-rohrstofflager\" rel=\"bookmark\">Brand Rohrstofflager<\/a><\/td><td class=\"einsatz-column-annotationImages\"><i class=\"fa-solid fa-camera\" aria-hidden=\"true\" title=\"Bericht enth\u00e4lt keine Bilder\" style=\"color: #bbbbbb;\"><\/i><\/td><\/tr><tr class=\"report\"><td class=\"smallscreen\" colspan=\"6\" data-permalink=\"https:\/\/feuerwehr-eltmann.de\/?einsatz=absicherung-prozession-2\"><div class=\"annotation-icon-bar\"><i class=\"fa-solid fa-camera\" aria-hidden=\"true\" title=\"Bericht enth\u00e4lt keine Bilder\" style=\"color: #bbbbbb;\"><\/i><\/div><span class=\"einsatz-number\"><strong>Nummer:<\/strong> 2015063<\/span><br><span class=\"einsatz-datetime\"><strong>Datum:<\/strong> 12.09.2015 04:30<\/span><br><span class=\"einsatz-incidentType\"><strong>Einsatzart:<\/strong> INF VERKEHRSSICHERUNG<\/span><br><span class=\"einsatz-location\"><strong>Einsatzort:<\/strong> Bad Staffelstein<\/span><br><span class=\"einsatz-title\"><strong>Einsatzmeldung:<\/strong> <a href=\"https:\/\/feuerwehr-eltmann.de\/?einsatz=absicherung-prozession-2\" rel=\"bookmark\">Absicherung Prozession<\/a><\/span><br><\/td><td class=\"einsatz-column-number\">2015063<\/td><td class=\"einsatz-column-datetime\">12.09.2015 04:30<\/td><td class=\"einsatz-column-incidentType\">INF VERKEHRSSICHERUNG<\/td><td class=\"einsatz-column-location\">Bad Staffelstein<\/td><td class=\"einsatz-column-title\"><a href=\"https:\/\/feuerwehr-eltmann.de\/?einsatz=absicherung-prozession-2\" rel=\"bookmark\">Absicherung Prozession<\/a><\/td><td class=\"einsatz-column-annotationImages\"><i class=\"fa-solid fa-camera\" aria-hidden=\"true\" title=\"Bericht enth\u00e4lt keine Bilder\" style=\"color: #bbbbbb;\"><\/i><\/td><\/tr><tr class=\"report\"><td class=\"smallscreen\" colspan=\"6\" data-permalink=\"https:\/\/feuerwehr-eltmann.de\/?einsatz=vu-mit-pkw-11\"><div class=\"annotation-icon-bar\"><i class=\"fa-solid fa-camera\" aria-hidden=\"true\" title=\"Bericht enth\u00e4lt Bilder\" style=\"\"><\/i><\/div><span class=\"einsatz-number\"><strong>Nummer:<\/strong> 2015062<\/span><br><span class=\"einsatz-datetime\"><strong>Datum:<\/strong> 11.09.2015 21:09<\/span><br><span class=\"einsatz-incidentType\"><strong>Einsatzart:<\/strong> THL 1<\/span><br><span class=\"einsatz-location\"><strong>Einsatzort:<\/strong> Eltmann<\/span><br><span class=\"einsatz-title\"><strong>Einsatzmeldung:<\/strong> <a href=\"https:\/\/feuerwehr-eltmann.de\/?einsatz=vu-mit-pkw-11\" rel=\"bookmark\">VU mit PKW<\/a><\/span><br><\/td><td class=\"einsatz-column-number\">2015062<\/td><td class=\"einsatz-column-datetime\">11.09.2015 21:09<\/td><td class=\"einsatz-column-incidentType\">THL 1<\/td><td class=\"einsatz-column-location\">Eltmann<\/td><td class=\"einsatz-column-title\"><a href=\"https:\/\/feuerwehr-eltmann.de\/?einsatz=vu-mit-pkw-11\" rel=\"bookmark\">VU mit PKW<\/a><\/td><td class=\"einsatz-column-annotationImages\"><i class=\"fa-solid fa-camera\" aria-hidden=\"true\" title=\"Bericht enth\u00e4lt Bilder\" style=\"\"><\/i><\/td><\/tr><tr class=\"report\"><td class=\"smallscreen\" colspan=\"6\" data-permalink=\"https:\/\/feuerwehr-eltmann.de\/?einsatz=brandmeldeanlage-27\"><div class=\"annotation-icon-bar\"><i class=\"fa-solid fa-camera\" aria-hidden=\"true\" title=\"Bericht enth\u00e4lt keine Bilder\" style=\"color: #bbbbbb;\"><\/i><\/div><span class=\"einsatz-number\"><strong>Nummer:<\/strong> 2015061<\/span><br><span class=\"einsatz-datetime\"><strong>Datum:<\/strong> 03.09.2015 19:56<\/span><br><span class=\"einsatz-incidentType\"><strong>Einsatzart:<\/strong> B BMA<\/span><br><span class=\"einsatz-location\"><strong>Einsatzort:<\/strong> A70, Tunnel Schwarzer Berg<\/span><br><span class=\"einsatz-title\"><strong>Einsatzmeldung:<\/strong> <a href=\"https:\/\/feuerwehr-eltmann.de\/?einsatz=brandmeldeanlage-27\" rel=\"bookmark\">Brandmeldeanlage<\/a><\/span><br><\/td><td class=\"einsatz-column-number\">2015061<\/td><td class=\"einsatz-column-datetime\">03.09.2015 19:56<\/td><td class=\"einsatz-column-incidentType\">B BMA<\/td><td class=\"einsatz-column-location\">A70, Tunnel Schwarzer Berg<\/td><td class=\"einsatz-column-title\"><a href=\"https:\/\/feuerwehr-eltmann.de\/?einsatz=brandmeldeanlage-27\" rel=\"bookmark\">Brandmeldeanlage<\/a><\/td><td class=\"einsatz-column-annotationImages\"><i class=\"fa-solid fa-camera\" aria-hidden=\"true\" title=\"Bericht enth\u00e4lt keine Bilder\" style=\"color: #bbbbbb;\"><\/i><\/td><\/tr><tr class=\"report\"><td class=\"smallscreen\" colspan=\"6\" data-permalink=\"https:\/\/feuerwehr-eltmann.de\/?einsatz=rauchentwicklung-im-freien-5\"><div class=\"annotation-icon-bar\"><i class=\"fa-solid fa-camera\" aria-hidden=\"true\" title=\"Bericht enth\u00e4lt keine Bilder\" style=\"color: #bbbbbb;\"><\/i><\/div><span class=\"einsatz-number\"><strong>Nummer:<\/strong> 2015060<\/span><br><span class=\"einsatz-datetime\"><strong>Datum:<\/strong> 03.09.2015 15:34<\/span><br><span class=\"einsatz-incidentType\"><strong>Einsatzart:<\/strong> B 1<\/span><br><span class=\"einsatz-location\"><strong>Einsatzort:<\/strong> Eltmann<\/span><br><span class=\"einsatz-title\"><strong>Einsatzmeldung:<\/strong> <a href=\"https:\/\/feuerwehr-eltmann.de\/?einsatz=rauchentwicklung-im-freien-5\" rel=\"bookmark\">Rauchentwicklung im Freien<\/a><\/span><br><\/td><td class=\"einsatz-column-number\">2015060<\/td><td class=\"einsatz-column-datetime\">03.09.2015 15:34<\/td><td class=\"einsatz-column-incidentType\">B 1<\/td><td class=\"einsatz-column-location\">Eltmann<\/td><td class=\"einsatz-column-title\"><a href=\"https:\/\/feuerwehr-eltmann.de\/?einsatz=rauchentwicklung-im-freien-5\" rel=\"bookmark\">Rauchentwicklung im Freien<\/a><\/td><td class=\"einsatz-column-annotationImages\"><i class=\"fa-solid fa-camera\" aria-hidden=\"true\" title=\"Bericht enth\u00e4lt keine Bilder\" style=\"color: #bbbbbb;\"><\/i><\/td><\/tr><tr class=\"report\"><td class=\"smallscreen\" colspan=\"6\" data-permalink=\"https:\/\/feuerwehr-eltmann.de\/?einsatz=oelspur-19\"><div class=\"annotation-icon-bar\"><i class=\"fa-solid fa-camera\" aria-hidden=\"true\" title=\"Bericht enth\u00e4lt keine Bilder\" style=\"color: #bbbbbb;\"><\/i><\/div><span class=\"einsatz-number\"><strong>Nummer:<\/strong> 2015059<\/span><br><span class=\"einsatz-datetime\"><strong>Datum:<\/strong> 03.09.2015 07:51<\/span><br><span class=\"einsatz-incidentType\"><strong>Einsatzart:<\/strong> THL 1<\/span><br><span class=\"einsatz-location\"><strong>Einsatzort:<\/strong> Eltmann<\/span><br><span class=\"einsatz-title\"><strong>Einsatzmeldung:<\/strong> <a href=\"https:\/\/feuerwehr-eltmann.de\/?einsatz=oelspur-19\" rel=\"bookmark\">\u00d6lspur<\/a><\/span><br><\/td><td class=\"einsatz-column-number\">2015059<\/td><td class=\"einsatz-column-datetime\">03.09.2015 07:51<\/td><td class=\"einsatz-column-incidentType\">THL 1<\/td><td class=\"einsatz-column-location\">Eltmann<\/td><td class=\"einsatz-column-title\"><a href=\"https:\/\/feuerwehr-eltmann.de\/?einsatz=oelspur-19\" rel=\"bookmark\">\u00d6lspur<\/a><\/td><td class=\"einsatz-column-annotationImages\"><i class=\"fa-solid fa-camera\" aria-hidden=\"true\" title=\"Bericht enth\u00e4lt keine Bilder\" style=\"color: #bbbbbb;\"><\/i><\/td><\/tr><tr class=\"report\"><td class=\"smallscreen\" colspan=\"6\" data-permalink=\"https:\/\/feuerwehr-eltmann.de\/?einsatz=vu-mit-pkw-10\"><div class=\"annotation-icon-bar\"><i class=\"fa-solid fa-camera\" aria-hidden=\"true\" title=\"Bericht enth\u00e4lt Bilder\" style=\"\"><\/i><\/div><span class=\"einsatz-number\"><strong>Nummer:<\/strong> 2015058<\/span><br><span class=\"einsatz-datetime\"><strong>Datum:<\/strong> 02.09.2015 10:48<\/span><br><span class=\"einsatz-incidentType\"><strong>Einsatzart:<\/strong> THL 3<\/span><br><span class=\"einsatz-location\"><strong>Einsatzort:<\/strong> Ebelsbach - Steinbach<\/span><br><span class=\"einsatz-title\"><strong>Einsatzmeldung:<\/strong> <a href=\"https:\/\/feuerwehr-eltmann.de\/?einsatz=vu-mit-pkw-10\" rel=\"bookmark\">VU mit PKW<\/a><\/span><br><\/td><td class=\"einsatz-column-number\">2015058<\/td><td class=\"einsatz-column-datetime\">02.09.2015 10:48<\/td><td class=\"einsatz-column-incidentType\">THL 3<\/td><td class=\"einsatz-column-location\">Ebelsbach - Steinbach<\/td><td class=\"einsatz-column-title\"><a href=\"https:\/\/feuerwehr-eltmann.de\/?einsatz=vu-mit-pkw-10\" rel=\"bookmark\">VU mit PKW<\/a><\/td><td class=\"einsatz-column-annotationImages\"><i class=\"fa-solid fa-camera\" aria-hidden=\"true\" title=\"Bericht enth\u00e4lt Bilder\" style=\"\"><\/i><\/td><\/tr><tr class=\"einsatz-title-month\"><td colspan=\"6\">August<\/td><\/tr><tr class=\"einsatz-header\"><th style=\"white-space: nowrap;\">Nummer<\/th><th style=\"white-space: nowrap;\">Datum<\/th><th style=\"\">Einsatzart<\/th><th style=\"\">Einsatzort<\/th><th style=\"\">Einsatzmeldung<\/th><th style=\"\"><\/th><\/tr><tr class=\"report\"><td class=\"smallscreen\" colspan=\"6\" data-permalink=\"https:\/\/feuerwehr-eltmann.de\/?einsatz=brandmeldeanlage-26\"><div class=\"annotation-icon-bar\"><i class=\"fa-solid fa-camera\" aria-hidden=\"true\" title=\"Bericht enth\u00e4lt keine Bilder\" style=\"color: #bbbbbb;\"><\/i><\/div><span class=\"einsatz-number\"><strong>Nummer:<\/strong> 2015057<\/span><br><span class=\"einsatz-datetime\"><strong>Datum:<\/strong> 29.08.2015 14:24<\/span><br><span class=\"einsatz-incidentType\"><strong>Einsatzart:<\/strong> B BMA<\/span><br><span class=\"einsatz-location\"><strong>Einsatzort:<\/strong> Eltmann, Industriegebiet<\/span><br><span class=\"einsatz-title\"><strong>Einsatzmeldung:<\/strong> <a href=\"https:\/\/feuerwehr-eltmann.de\/?einsatz=brandmeldeanlage-26\" rel=\"bookmark\">Brandmeldeanlage<\/a><\/span><br><\/td><td class=\"einsatz-column-number\">2015057<\/td><td class=\"einsatz-column-datetime\">29.08.2015 14:24<\/td><td class=\"einsatz-column-incidentType\">B BMA<\/td><td class=\"einsatz-column-location\">Eltmann, Industriegebiet<\/td><td class=\"einsatz-column-title\"><a href=\"https:\/\/feuerwehr-eltmann.de\/?einsatz=brandmeldeanlage-26\" rel=\"bookmark\">Brandmeldeanlage<\/a><\/td><td class=\"einsatz-column-annotationImages\"><i class=\"fa-solid fa-camera\" aria-hidden=\"true\" title=\"Bericht enth\u00e4lt keine Bilder\" style=\"color: #bbbbbb;\"><\/i><\/td><\/tr><tr class=\"report\"><td class=\"smallscreen\" colspan=\"6\" data-permalink=\"https:\/\/feuerwehr-eltmann.de\/?einsatz=vu-mit-motorroller\"><div class=\"annotation-icon-bar\"><i class=\"fa-solid fa-camera\" aria-hidden=\"true\" title=\"Bericht enth\u00e4lt Bilder\" style=\"\"><\/i><\/div><span class=\"einsatz-number\"><strong>Nummer:<\/strong> 2015056<\/span><br><span class=\"einsatz-datetime\"><strong>Datum:<\/strong> 16.08.2015 19:48<\/span><br><span class=\"einsatz-incidentType\"><strong>Einsatzart:<\/strong> THL 1<\/span><br><span class=\"einsatz-location\"><strong>Einsatzort:<\/strong> Eltmann<\/span><br><span class=\"einsatz-title\"><strong>Einsatzmeldung:<\/strong> <a href=\"https:\/\/feuerwehr-eltmann.de\/?einsatz=vu-mit-motorroller\" rel=\"bookmark\">VU mit Motorroller<\/a><\/span><br><\/td><td class=\"einsatz-column-number\">2015056<\/td><td class=\"einsatz-column-datetime\">16.08.2015 19:48<\/td><td class=\"einsatz-column-incidentType\">THL 1<\/td><td class=\"einsatz-column-location\">Eltmann<\/td><td class=\"einsatz-column-title\"><a href=\"https:\/\/feuerwehr-eltmann.de\/?einsatz=vu-mit-motorroller\" rel=\"bookmark\">VU mit Motorroller<\/a><\/td><td class=\"einsatz-column-annotationImages\"><i class=\"fa-solid fa-camera\" aria-hidden=\"true\" title=\"Bericht enth\u00e4lt Bilder\" style=\"\"><\/i><\/td><\/tr><tr class=\"report\"><td class=\"smallscreen\" colspan=\"6\" data-permalink=\"https:\/\/feuerwehr-eltmann.de\/?einsatz=oelspur-18\"><div class=\"annotation-icon-bar\"><i class=\"fa-solid fa-camera\" aria-hidden=\"true\" title=\"Bericht enth\u00e4lt keine Bilder\" style=\"color: #bbbbbb;\"><\/i><\/div><span class=\"einsatz-number\"><strong>Nummer:<\/strong> 2015055<\/span><br><span class=\"einsatz-datetime\"><strong>Datum:<\/strong> 13.08.2015 17:03<\/span><br><span class=\"einsatz-incidentType\"><strong>Einsatzart:<\/strong> THL 1<\/span><br><span class=\"einsatz-location\"><strong>Einsatzort:<\/strong> Eltmann<\/span><br><span class=\"einsatz-title\"><strong>Einsatzmeldung:<\/strong> <a href=\"https:\/\/feuerwehr-eltmann.de\/?einsatz=oelspur-18\" rel=\"bookmark\">\u00d6lspur<\/a><\/span><br><\/td><td class=\"einsatz-column-number\">2015055<\/td><td class=\"einsatz-column-datetime\">13.08.2015 17:03<\/td><td class=\"einsatz-column-incidentType\">THL 1<\/td><td class=\"einsatz-column-location\">Eltmann<\/td><td class=\"einsatz-column-title\"><a href=\"https:\/\/feuerwehr-eltmann.de\/?einsatz=oelspur-18\" rel=\"bookmark\">\u00d6lspur<\/a><\/td><td class=\"einsatz-column-annotationImages\"><i class=\"fa-solid fa-camera\" aria-hidden=\"true\" title=\"Bericht enth\u00e4lt keine Bilder\" style=\"color: #bbbbbb;\"><\/i><\/td><\/tr><tr class=\"report\"><td class=\"smallscreen\" colspan=\"6\" data-permalink=\"https:\/\/feuerwehr-eltmann.de\/?einsatz=baum-auf-strasse-7\"><div class=\"annotation-icon-bar\"><i class=\"fa-solid fa-camera\" aria-hidden=\"true\" title=\"Bericht enth\u00e4lt keine Bilder\" style=\"color: #bbbbbb;\"><\/i><\/div><span class=\"einsatz-number\"><strong>Nummer:<\/strong> 2015054<\/span><br><span class=\"einsatz-datetime\"><strong>Datum:<\/strong> 08.08.2015 15:53<\/span><br><span class=\"einsatz-incidentType\"><strong>Einsatzart:<\/strong> THL 1<\/span><br><span class=\"einsatz-location\"><strong>Einsatzort:<\/strong> Eltmann - Weisbrunn<\/span><br><span class=\"einsatz-title\"><strong>Einsatzmeldung:<\/strong> <a href=\"https:\/\/feuerwehr-eltmann.de\/?einsatz=baum-auf-strasse-7\" rel=\"bookmark\">Baum auf Stra\u00dfe<\/a><\/span><br><\/td><td class=\"einsatz-column-number\">2015054<\/td><td class=\"einsatz-column-datetime\">08.08.2015 15:53<\/td><td class=\"einsatz-column-incidentType\">THL 1<\/td><td class=\"einsatz-column-location\">Eltmann - Weisbrunn<\/td><td class=\"einsatz-column-title\"><a href=\"https:\/\/feuerwehr-eltmann.de\/?einsatz=baum-auf-strasse-7\" rel=\"bookmark\">Baum auf Stra\u00dfe<\/a><\/td><td class=\"einsatz-column-annotationImages\"><i class=\"fa-solid fa-camera\" aria-hidden=\"true\" title=\"Bericht enth\u00e4lt keine Bilder\" style=\"color: #bbbbbb;\"><\/i><\/td><\/tr><tr class=\"report\"><td class=\"smallscreen\" colspan=\"6\" data-permalink=\"https:\/\/feuerwehr-eltmann.de\/?einsatz=vu-mit-pkw-eine-pers-eingeklemmt-5\"><div class=\"annotation-icon-bar\"><i class=\"fa-solid fa-camera\" aria-hidden=\"true\" title=\"Bericht enth\u00e4lt Bilder\" style=\"\"><\/i><\/div><span class=\"einsatz-number\"><strong>Nummer:<\/strong> 2015053<\/span><br><span class=\"einsatz-datetime\"><strong>Datum:<\/strong> 08.08.2015 06:24<\/span><br><span class=\"einsatz-incidentType\"><strong>Einsatzart:<\/strong> THL 3<\/span><br><span class=\"einsatz-location\"><strong>Einsatzort:<\/strong> Tretzendorf - Unterschleichach<\/span><br><span class=\"einsatz-title\"><strong>Einsatzmeldung:<\/strong> <a href=\"https:\/\/feuerwehr-eltmann.de\/?einsatz=vu-mit-pkw-eine-pers-eingeklemmt-5\" rel=\"bookmark\">VU mit PKW, eine Pers. eingeklemmt<\/a><\/span><br><\/td><td class=\"einsatz-column-number\">2015053<\/td><td class=\"einsatz-column-datetime\">08.08.2015 06:24<\/td><td class=\"einsatz-column-incidentType\">THL 3<\/td><td class=\"einsatz-column-location\">Tretzendorf - Unterschleichach<\/td><td class=\"einsatz-column-title\"><a href=\"https:\/\/feuerwehr-eltmann.de\/?einsatz=vu-mit-pkw-eine-pers-eingeklemmt-5\" rel=\"bookmark\">VU mit PKW, eine Pers. eingeklemmt<\/a><\/td><td class=\"einsatz-column-annotationImages\"><i class=\"fa-solid fa-camera\" aria-hidden=\"true\" title=\"Bericht enth\u00e4lt Bilder\" style=\"\"><\/i><\/td><\/tr><tr class=\"report\"><td class=\"smallscreen\" colspan=\"6\" data-permalink=\"https:\/\/feuerwehr-eltmann.de\/?einsatz=brandmeldeanlage-25\"><div class=\"annotation-icon-bar\"><i class=\"fa-solid fa-camera\" aria-hidden=\"true\" title=\"Bericht enth\u00e4lt keine Bilder\" style=\"color: #bbbbbb;\"><\/i><\/div><span class=\"einsatz-number\"><strong>Nummer:<\/strong> 2015052<\/span><br><span class=\"einsatz-datetime\"><strong>Datum:<\/strong> 05.08.2015 11:33<\/span><br><span class=\"einsatz-incidentType\"><strong>Einsatzart:<\/strong> B BMA<\/span><br><span class=\"einsatz-location\"><strong>Einsatzort:<\/strong> Eltmann, Industriegebiet<\/span><br><span class=\"einsatz-title\"><strong>Einsatzmeldung:<\/strong> <a href=\"https:\/\/feuerwehr-eltmann.de\/?einsatz=brandmeldeanlage-25\" rel=\"bookmark\">Brandmeldeanlage<\/a><\/span><br><\/td><td class=\"einsatz-column-number\">2015052<\/td><td class=\"einsatz-column-datetime\">05.08.2015 11:33<\/td><td class=\"einsatz-column-incidentType\">B BMA<\/td><td class=\"einsatz-column-location\">Eltmann, Industriegebiet<\/td><td class=\"einsatz-column-title\"><a href=\"https:\/\/feuerwehr-eltmann.de\/?einsatz=brandmeldeanlage-25\" rel=\"bookmark\">Brandmeldeanlage<\/a><\/td><td class=\"einsatz-column-annotationImages\"><i class=\"fa-solid fa-camera\" aria-hidden=\"true\" title=\"Bericht enth\u00e4lt keine Bilder\" style=\"color: #bbbbbb;\"><\/i><\/td><\/tr><tr class=\"report\"><td class=\"smallscreen\" colspan=\"6\" data-permalink=\"https:\/\/feuerwehr-eltmann.de\/?einsatz=brandmeldeanlage-24\"><div class=\"annotation-icon-bar\"><i class=\"fa-solid fa-camera\" aria-hidden=\"true\" title=\"Bericht enth\u00e4lt keine Bilder\" style=\"color: #bbbbbb;\"><\/i><\/div><span class=\"einsatz-number\"><strong>Nummer:<\/strong> 2015051<\/span><br><span class=\"einsatz-datetime\"><strong>Datum:<\/strong> 02.08.2015 13:38<\/span><br><span class=\"einsatz-incidentType\"><strong>Einsatzart:<\/strong> B BMA<\/span><br><span class=\"einsatz-location\"><strong>Einsatzort:<\/strong> A70, Tunnel Schwarzer Berg<\/span><br><span class=\"einsatz-title\"><strong>Einsatzmeldung:<\/strong> <a href=\"https:\/\/feuerwehr-eltmann.de\/?einsatz=brandmeldeanlage-24\" rel=\"bookmark\">Brandmeldeanlage<\/a><\/span><br><\/td><td class=\"einsatz-column-number\">2015051<\/td><td class=\"einsatz-column-datetime\">02.08.2015 13:38<\/td><td class=\"einsatz-column-incidentType\">B BMA<\/td><td class=\"einsatz-column-location\">A70, Tunnel Schwarzer Berg<\/td><td class=\"einsatz-column-title\"><a href=\"https:\/\/feuerwehr-eltmann.de\/?einsatz=brandmeldeanlage-24\" rel=\"bookmark\">Brandmeldeanlage<\/a><\/td><td class=\"einsatz-column-annotationImages\"><i class=\"fa-solid fa-camera\" aria-hidden=\"true\" title=\"Bericht enth\u00e4lt keine Bilder\" style=\"color: #bbbbbb;\"><\/i><\/td><\/tr><tr class=\"zebracorrection\"><td colspan=\"6\">&nbsp;<\/td><\/tr><tr class=\"einsatz-title-month\"><td colspan=\"6\">Juli<\/td><\/tr><tr class=\"einsatz-header\"><th style=\"white-space: nowrap;\">Nummer<\/th><th style=\"white-space: nowrap;\">Datum<\/th><th style=\"\">Einsatzart<\/th><th style=\"\">Einsatzort<\/th><th style=\"\">Einsatzmeldung<\/th><th style=\"\"><\/th><\/tr><tr class=\"report\"><td class=\"smallscreen\" colspan=\"6\" data-permalink=\"https:\/\/feuerwehr-eltmann.de\/?einsatz=person-in-aufzug\"><div class=\"annotation-icon-bar\"><i class=\"fa-solid fa-camera\" aria-hidden=\"true\" title=\"Bericht enth\u00e4lt keine Bilder\" style=\"color: #bbbbbb;\"><\/i><\/div><span class=\"einsatz-number\"><strong>Nummer:<\/strong> 2017050<\/span><br><span class=\"einsatz-datetime\"><strong>Datum:<\/strong> 29.07.2015 18:46<\/span><br><span class=\"einsatz-incidentType\"><strong>Einsatzart:<\/strong> THL P AUFZUG<\/span><br><span class=\"einsatz-location\"><strong>Einsatzort:<\/strong> Eltmann, Altenheim<\/span><br><span class=\"einsatz-title\"><strong>Einsatzmeldung:<\/strong> <a href=\"https:\/\/feuerwehr-eltmann.de\/?einsatz=person-in-aufzug\" rel=\"bookmark\">Person in Aufzug<\/a><\/span><br><\/td><td class=\"einsatz-column-number\">2017050<\/td><td class=\"einsatz-column-datetime\">29.07.2015 18:46<\/td><td class=\"einsatz-column-incidentType\">THL P AUFZUG<\/td><td class=\"einsatz-column-location\">Eltmann, Altenheim<\/td><td class=\"einsatz-column-title\"><a href=\"https:\/\/feuerwehr-eltmann.de\/?einsatz=person-in-aufzug\" rel=\"bookmark\">Person in Aufzug<\/a><\/td><td class=\"einsatz-column-annotationImages\"><i class=\"fa-solid fa-camera\" aria-hidden=\"true\" title=\"Bericht enth\u00e4lt keine Bilder\" style=\"color: #bbbbbb;\"><\/i><\/td><\/tr><tr class=\"report\"><td class=\"smallscreen\" colspan=\"6\" data-permalink=\"https:\/\/feuerwehr-eltmann.de\/?einsatz=brand-freilaeche-ausgedehnt\"><div class=\"annotation-icon-bar\"><i class=\"fa-solid fa-camera\" aria-hidden=\"true\" title=\"Bericht enth\u00e4lt Bilder\" style=\"\"><\/i><\/div><span class=\"einsatz-number\"><strong>Nummer:<\/strong> 2015049<\/span><br><span class=\"einsatz-datetime\"><strong>Datum:<\/strong> 25.07.2015 16:32<\/span><br><span class=\"einsatz-incidentType\"><strong>Einsatzart:<\/strong> B 6<\/span><br><span class=\"einsatz-location\"><strong>Einsatzort:<\/strong> Ro\u00dfstadt<\/span><br><span class=\"einsatz-title\"><strong>Einsatzmeldung:<\/strong> <a href=\"https:\/\/feuerwehr-eltmann.de\/?einsatz=brand-freilaeche-ausgedehnt\" rel=\"bookmark\">Brand Freifl\u00e4che, ausgedehnt<\/a><\/span><br><\/td><td class=\"einsatz-column-number\">2015049<\/td><td class=\"einsatz-column-datetime\">25.07.2015 16:32<\/td><td class=\"einsatz-column-incidentType\">B 6<\/td><td class=\"einsatz-column-location\">Ro\u00dfstadt<\/td><td class=\"einsatz-column-title\"><a href=\"https:\/\/feuerwehr-eltmann.de\/?einsatz=brand-freilaeche-ausgedehnt\" rel=\"bookmark\">Brand Freifl\u00e4che, ausgedehnt<\/a><\/td><td class=\"einsatz-column-annotationImages\"><i class=\"fa-solid fa-camera\" aria-hidden=\"true\" title=\"Bericht enth\u00e4lt Bilder\" style=\"\"><\/i><\/td><\/tr><tr class=\"report\"><td class=\"smallscreen\" colspan=\"6\" data-permalink=\"https:\/\/feuerwehr-eltmann.de\/?einsatz=baum-auf-strasse-6\"><div class=\"annotation-icon-bar\"><i class=\"fa-solid fa-camera\" aria-hidden=\"true\" title=\"Bericht enth\u00e4lt keine Bilder\" style=\"color: #bbbbbb;\"><\/i><\/div><span class=\"einsatz-number\"><strong>Nummer:<\/strong> 2015048<\/span><br><span class=\"einsatz-datetime\"><strong>Datum:<\/strong> 25.07.2015 14:31<\/span><br><span class=\"einsatz-incidentType\"><strong>Einsatzart:<\/strong> THL 1<\/span><br><span class=\"einsatz-location\"><strong>Einsatzort:<\/strong> Eltmann - Unterschleichach<\/span><br><span class=\"einsatz-title\"><strong>Einsatzmeldung:<\/strong> <a href=\"https:\/\/feuerwehr-eltmann.de\/?einsatz=baum-auf-strasse-6\" rel=\"bookmark\">Baum auf Stra\u00dfe<\/a><\/span><br><\/td><td class=\"einsatz-column-number\">2015048<\/td><td class=\"einsatz-column-datetime\">25.07.2015 14:31<\/td><td class=\"einsatz-column-incidentType\">THL 1<\/td><td class=\"einsatz-column-location\">Eltmann - Unterschleichach<\/td><td class=\"einsatz-column-title\"><a href=\"https:\/\/feuerwehr-eltmann.de\/?einsatz=baum-auf-strasse-6\" rel=\"bookmark\">Baum auf Stra\u00dfe<\/a><\/td><td class=\"einsatz-column-annotationImages\"><i class=\"fa-solid fa-camera\" aria-hidden=\"true\" title=\"Bericht enth\u00e4lt keine Bilder\" style=\"color: #bbbbbb;\"><\/i><\/td><\/tr><tr class=\"report\"><td class=\"smallscreen\" colspan=\"6\" data-permalink=\"https:\/\/feuerwehr-eltmann.de\/?einsatz=baeume-auf-strasse-4\"><div class=\"annotation-icon-bar\"><i class=\"fa-solid fa-camera\" aria-hidden=\"true\" title=\"Bericht enth\u00e4lt keine Bilder\" style=\"color: #bbbbbb;\"><\/i><\/div><span class=\"einsatz-number\"><strong>Nummer:<\/strong> 2015047<\/span><br><span class=\"einsatz-datetime\"><strong>Datum:<\/strong> 19.07.2015 15:01<\/span><br><span class=\"einsatz-incidentType\"><strong>Einsatzart:<\/strong> THL UNWETTER<\/span><br><span class=\"einsatz-location\"><strong>Einsatzort:<\/strong> Eltmann - Weisbrunn<\/span><br><span class=\"einsatz-title\"><strong>Einsatzmeldung:<\/strong> <a href=\"https:\/\/feuerwehr-eltmann.de\/?einsatz=baeume-auf-strasse-4\" rel=\"bookmark\">B\u00e4ume auf Stra\u00dfe<\/a><\/span><br><\/td><td class=\"einsatz-column-number\">2015047<\/td><td class=\"einsatz-column-datetime\">19.07.2015 15:01<\/td><td class=\"einsatz-column-incidentType\">THL UNWETTER<\/td><td class=\"einsatz-column-location\">Eltmann - Weisbrunn<\/td><td class=\"einsatz-column-title\"><a href=\"https:\/\/feuerwehr-eltmann.de\/?einsatz=baeume-auf-strasse-4\" rel=\"bookmark\">B\u00e4ume auf Stra\u00dfe<\/a><\/td><td class=\"einsatz-column-annotationImages\"><i class=\"fa-solid fa-camera\" aria-hidden=\"true\" title=\"Bericht enth\u00e4lt keine Bilder\" style=\"color: #bbbbbb;\"><\/i><\/td><\/tr><tr class=\"report\"><td class=\"smallscreen\" colspan=\"6\" data-permalink=\"https:\/\/feuerwehr-eltmann.de\/?einsatz=verkehrslenkung-6\"><div class=\"annotation-icon-bar\"><i class=\"fa-solid fa-camera\" aria-hidden=\"true\" title=\"Bericht enth\u00e4lt keine Bilder\" style=\"color: #bbbbbb;\"><\/i><\/div><span class=\"einsatz-number\"><strong>Nummer:<\/strong> 2015046<\/span><br><span class=\"einsatz-datetime\"><strong>Datum:<\/strong> 18.07.2015 15:00<\/span><br><span class=\"einsatz-incidentType\"><strong>Einsatzart:<\/strong> INF VERKEHRSSICHERUNG<\/span><br><span class=\"einsatz-location\"><strong>Einsatzort:<\/strong> Eltmann<\/span><br><span class=\"einsatz-title\"><strong>Einsatzmeldung:<\/strong> <a href=\"https:\/\/feuerwehr-eltmann.de\/?einsatz=verkehrslenkung-6\" rel=\"bookmark\">Verkehrslenkung<\/a><\/span><br><\/td><td class=\"einsatz-column-number\">2015046<\/td><td class=\"einsatz-column-datetime\">18.07.2015 15:00<\/td><td class=\"einsatz-column-incidentType\">INF VERKEHRSSICHERUNG<\/td><td class=\"einsatz-column-location\">Eltmann<\/td><td class=\"einsatz-column-title\"><a href=\"https:\/\/feuerwehr-eltmann.de\/?einsatz=verkehrslenkung-6\" rel=\"bookmark\">Verkehrslenkung<\/a><\/td><td class=\"einsatz-column-annotationImages\"><i class=\"fa-solid fa-camera\" aria-hidden=\"true\" title=\"Bericht enth\u00e4lt keine Bilder\" style=\"color: #bbbbbb;\"><\/i><\/td><\/tr><tr class=\"report\"><td class=\"smallscreen\" colspan=\"6\" data-permalink=\"https:\/\/feuerwehr-eltmann.de\/?einsatz=baeume-auf-strasse-3\"><div class=\"annotation-icon-bar\"><i class=\"fa-solid fa-camera\" aria-hidden=\"true\" title=\"Bericht enth\u00e4lt keine Bilder\" style=\"color: #bbbbbb;\"><\/i><\/div><span class=\"einsatz-number\"><strong>Nummer:<\/strong> 2015045<\/span><br><span class=\"einsatz-datetime\"><strong>Datum:<\/strong> 05.07.2015 22:25<\/span><br><span class=\"einsatz-incidentType\"><strong>Einsatzart:<\/strong> THL UNWETTER<\/span><br><span class=\"einsatz-location\"><strong>Einsatzort:<\/strong> Eltmann<\/span><br><span class=\"einsatz-title\"><strong>Einsatzmeldung:<\/strong> <a href=\"https:\/\/feuerwehr-eltmann.de\/?einsatz=baeume-auf-strasse-3\" rel=\"bookmark\">B\u00e4ume auf Stra\u00dfe<\/a><\/span><br><\/td><td class=\"einsatz-column-number\">2015045<\/td><td class=\"einsatz-column-datetime\">05.07.2015 22:25<\/td><td class=\"einsatz-column-incidentType\">THL UNWETTER<\/td><td class=\"einsatz-column-location\">Eltmann<\/td><td class=\"einsatz-column-title\"><a href=\"https:\/\/feuerwehr-eltmann.de\/?einsatz=baeume-auf-strasse-3\" rel=\"bookmark\">B\u00e4ume auf Stra\u00dfe<\/a><\/td><td class=\"einsatz-column-annotationImages\"><i class=\"fa-solid fa-camera\" aria-hidden=\"true\" title=\"Bericht enth\u00e4lt keine Bilder\" style=\"color: #bbbbbb;\"><\/i><\/td><\/tr><tr class=\"report\"><td class=\"smallscreen\" colspan=\"6\" data-permalink=\"https:\/\/feuerwehr-eltmann.de\/?einsatz=brand-motorroller\"><div class=\"annotation-icon-bar\"><i class=\"fa-solid fa-camera\" aria-hidden=\"true\" title=\"Bericht enth\u00e4lt keine Bilder\" style=\"color: #bbbbbb;\"><\/i><\/div><span class=\"einsatz-number\"><strong>Nummer:<\/strong> 2015044<\/span><br><span class=\"einsatz-datetime\"><strong>Datum:<\/strong> 05.07.2015 12:52<\/span><br><span class=\"einsatz-incidentType\"><strong>Einsatzart:<\/strong> B 1<\/span><br><span class=\"einsatz-location\"><strong>Einsatzort:<\/strong> Limbach<\/span><br><span class=\"einsatz-title\"><strong>Einsatzmeldung:<\/strong> <a href=\"https:\/\/feuerwehr-eltmann.de\/?einsatz=brand-motorroller\" rel=\"bookmark\">Brand Motorroller<\/a><\/span><br><\/td><td class=\"einsatz-column-number\">2015044<\/td><td class=\"einsatz-column-datetime\">05.07.2015 12:52<\/td><td class=\"einsatz-column-incidentType\">B 1<\/td><td class=\"einsatz-column-location\">Limbach<\/td><td class=\"einsatz-column-title\"><a href=\"https:\/\/feuerwehr-eltmann.de\/?einsatz=brand-motorroller\" rel=\"bookmark\">Brand Motorroller<\/a><\/td><td class=\"einsatz-column-annotationImages\"><i class=\"fa-solid fa-camera\" aria-hidden=\"true\" title=\"Bericht enth\u00e4lt keine Bilder\" style=\"color: #bbbbbb;\"><\/i><\/td><\/tr><tr class=\"report\"><td class=\"smallscreen\" colspan=\"6\" data-permalink=\"https:\/\/feuerwehr-eltmann.de\/?einsatz=baeume-auf-strasse-2\"><div class=\"annotation-icon-bar\"><i class=\"fa-solid fa-camera\" aria-hidden=\"true\" title=\"Bericht enth\u00e4lt keine Bilder\" style=\"color: #bbbbbb;\"><\/i><\/div><span class=\"einsatz-number\"><strong>Nummer:<\/strong> 2015043<\/span><br><span class=\"einsatz-datetime\"><strong>Datum:<\/strong> 04.07.2015 21:38<\/span><br><span class=\"einsatz-incidentType\"><strong>Einsatzart:<\/strong> THL UNWETTER<\/span><br><span class=\"einsatz-location\"><strong>Einsatzort:<\/strong> Eltmann<\/span><br><span class=\"einsatz-title\"><strong>Einsatzmeldung:<\/strong> <a href=\"https:\/\/feuerwehr-eltmann.de\/?einsatz=baeume-auf-strasse-2\" rel=\"bookmark\">B\u00e4ume auf Stra\u00dfe<\/a><\/span><br><\/td><td class=\"einsatz-column-number\">2015043<\/td><td class=\"einsatz-column-datetime\">04.07.2015 21:38<\/td><td class=\"einsatz-column-incidentType\">THL UNWETTER<\/td><td class=\"einsatz-column-location\">Eltmann<\/td><td class=\"einsatz-column-title\"><a href=\"https:\/\/feuerwehr-eltmann.de\/?einsatz=baeume-auf-strasse-2\" rel=\"bookmark\">B\u00e4ume auf Stra\u00dfe<\/a><\/td><td class=\"einsatz-column-annotationImages\"><i class=\"fa-solid fa-camera\" aria-hidden=\"true\" title=\"Bericht enth\u00e4lt keine Bilder\" style=\"color: #bbbbbb;\"><\/i><\/td><\/tr><tr class=\"report\"><td class=\"smallscreen\" colspan=\"6\" data-permalink=\"https:\/\/feuerwehr-eltmann.de\/?einsatz=baeume-in-oberleitung\"><div class=\"annotation-icon-bar\"><i class=\"fa-solid fa-camera\" aria-hidden=\"true\" title=\"Bericht enth\u00e4lt keine Bilder\" style=\"color: #bbbbbb;\"><\/i><\/div><span class=\"einsatz-number\"><strong>Nummer:<\/strong> 2015042<\/span><br><span class=\"einsatz-datetime\"><strong>Datum:<\/strong> 04.07.2015 20:40<\/span><br><span class=\"einsatz-incidentType\"><strong>Einsatzart:<\/strong> THL UNWETTER<\/span><br><span class=\"einsatz-location\"><strong>Einsatzort:<\/strong> Stettfeld, Bahnlinie<\/span><br><span class=\"einsatz-title\"><strong>Einsatzmeldung:<\/strong> <a href=\"https:\/\/feuerwehr-eltmann.de\/?einsatz=baeume-in-oberleitung\" rel=\"bookmark\">B\u00e4ume in Oberleitung<\/a><\/span><br><\/td><td class=\"einsatz-column-number\">2015042<\/td><td class=\"einsatz-column-datetime\">04.07.2015 20:40<\/td><td class=\"einsatz-column-incidentType\">THL UNWETTER<\/td><td class=\"einsatz-column-location\">Stettfeld, Bahnlinie<\/td><td class=\"einsatz-column-title\"><a href=\"https:\/\/feuerwehr-eltmann.de\/?einsatz=baeume-in-oberleitung\" rel=\"bookmark\">B\u00e4ume in Oberleitung<\/a><\/td><td class=\"einsatz-column-annotationImages\"><i class=\"fa-solid fa-camera\" aria-hidden=\"true\" title=\"Bericht enth\u00e4lt keine Bilder\" style=\"color: #bbbbbb;\"><\/i><\/td><\/tr><tr class=\"report\"><td class=\"smallscreen\" colspan=\"6\" data-permalink=\"https:\/\/feuerwehr-eltmann.de\/?einsatz=rettung-kleintier-3\"><div class=\"annotation-icon-bar\"><i class=\"fa-solid fa-camera\" aria-hidden=\"true\" title=\"Bericht enth\u00e4lt keine Bilder\" style=\"color: #bbbbbb;\"><\/i><\/div><span class=\"einsatz-number\"><strong>Nummer:<\/strong> 2015041<\/span><br><span class=\"einsatz-datetime\"><strong>Datum:<\/strong> 04.07.2015 17:04<\/span><br><span class=\"einsatz-incidentType\"><strong>Einsatzart:<\/strong> THL 1<\/span><br><span class=\"einsatz-location\"><strong>Einsatzort:<\/strong> Eltmann<\/span><br><span class=\"einsatz-title\"><strong>Einsatzmeldung:<\/strong> <a href=\"https:\/\/feuerwehr-eltmann.de\/?einsatz=rettung-kleintier-3\" rel=\"bookmark\">Rettung Kleintier<\/a><\/span><br><\/td><td class=\"einsatz-column-number\">2015041<\/td><td class=\"einsatz-column-datetime\">04.07.2015 17:04<\/td><td class=\"einsatz-column-incidentType\">THL 1<\/td><td class=\"einsatz-column-location\">Eltmann<\/td><td class=\"einsatz-column-title\"><a href=\"https:\/\/feuerwehr-eltmann.de\/?einsatz=rettung-kleintier-3\" rel=\"bookmark\">Rettung Kleintier<\/a><\/td><td class=\"einsatz-column-annotationImages\"><i class=\"fa-solid fa-camera\" aria-hidden=\"true\" title=\"Bericht enth\u00e4lt keine Bilder\" style=\"color: #bbbbbb;\"><\/i><\/td><\/tr><tr class=\"report\"><td class=\"smallscreen\" colspan=\"6\" data-permalink=\"https:\/\/feuerwehr-eltmann.de\/?einsatz=person-in-wohnung-11\"><div class=\"annotation-icon-bar\"><i class=\"fa-solid fa-camera\" aria-hidden=\"true\" title=\"Bericht enth\u00e4lt keine Bilder\" style=\"color: #bbbbbb;\"><\/i><\/div><span class=\"einsatz-number\"><strong>Nummer:<\/strong> 2015040<\/span><br><span class=\"einsatz-datetime\"><strong>Datum:<\/strong> 03.07.2015 10:00<\/span><br><span class=\"einsatz-incidentType\"><strong>Einsatzart:<\/strong> THL P EINGESCHLOSSEN<\/span><br><span class=\"einsatz-location\"><strong>Einsatzort:<\/strong> Eltmann<\/span><br><span class=\"einsatz-title\"><strong>Einsatzmeldung:<\/strong> <a href=\"https:\/\/feuerwehr-eltmann.de\/?einsatz=person-in-wohnung-11\" rel=\"bookmark\">Person in Wohnung<\/a><\/span><br><\/td><td class=\"einsatz-column-number\">2015040<\/td><td class=\"einsatz-column-datetime\">03.07.2015 10:00<\/td><td class=\"einsatz-column-incidentType\">THL P EINGESCHLOSSEN<\/td><td class=\"einsatz-column-location\">Eltmann<\/td><td class=\"einsatz-column-title\"><a href=\"https:\/\/feuerwehr-eltmann.de\/?einsatz=person-in-wohnung-11\" rel=\"bookmark\">Person in Wohnung<\/a><\/td><td class=\"einsatz-column-annotationImages\"><i class=\"fa-solid fa-camera\" aria-hidden=\"true\" title=\"Bericht enth\u00e4lt keine Bilder\" style=\"color: #bbbbbb;\"><\/i><\/td><\/tr><tr class=\"report\"><td class=\"smallscreen\" colspan=\"6\" data-permalink=\"https:\/\/feuerwehr-eltmann.de\/?einsatz=rauchentwicklung-im-freien-4\"><div class=\"annotation-icon-bar\"><i class=\"fa-solid fa-camera\" aria-hidden=\"true\" title=\"Bericht enth\u00e4lt keine Bilder\" style=\"color: #bbbbbb;\"><\/i><\/div><span class=\"einsatz-number\"><strong>Nummer:<\/strong> 2015039<\/span><br><span class=\"einsatz-datetime\"><strong>Datum:<\/strong> 01.07.2015 08:19<\/span><br><span class=\"einsatz-incidentType\"><strong>Einsatzart:<\/strong> B 1<\/span><br><span class=\"einsatz-location\"><strong>Einsatzort:<\/strong> Eltmann, Industriegebiet<\/span><br><span class=\"einsatz-title\"><strong>Einsatzmeldung:<\/strong> <a href=\"https:\/\/feuerwehr-eltmann.de\/?einsatz=rauchentwicklung-im-freien-4\" rel=\"bookmark\">Rauchentwicklung im Freien<\/a><\/span><br><\/td><td class=\"einsatz-column-number\">2015039<\/td><td class=\"einsatz-column-datetime\">01.07.2015 08:19<\/td><td class=\"einsatz-column-incidentType\">B 1<\/td><td class=\"einsatz-column-location\">Eltmann, Industriegebiet<\/td><td class=\"einsatz-column-title\"><a href=\"https:\/\/feuerwehr-eltmann.de\/?einsatz=rauchentwicklung-im-freien-4\" rel=\"bookmark\">Rauchentwicklung im Freien<\/a><\/td><td class=\"einsatz-column-annotationImages\"><i class=\"fa-solid fa-camera\" aria-hidden=\"true\" title=\"Bericht enth\u00e4lt keine Bilder\" style=\"color: #bbbbbb;\"><\/i><\/td><\/tr><tr class=\"einsatz-title-month\"><td colspan=\"6\">Juni<\/td><\/tr><tr class=\"einsatz-header\"><th style=\"white-space: nowrap;\">Nummer<\/th><th style=\"white-space: nowrap;\">Datum<\/th><th style=\"\">Einsatzart<\/th><th style=\"\">Einsatzort<\/th><th style=\"\">Einsatzmeldung<\/th><th style=\"\"><\/th><\/tr><tr class=\"report\"><td class=\"smallscreen\" colspan=\"6\" data-permalink=\"https:\/\/feuerwehr-eltmann.de\/?einsatz=entfernung-eichenprozessionsspinner\"><div class=\"annotation-icon-bar\"><i class=\"fa-solid fa-camera\" aria-hidden=\"true\" title=\"Bericht enth\u00e4lt keine Bilder\" style=\"color: #bbbbbb;\"><\/i><\/div><span class=\"einsatz-number\"><strong>Nummer:<\/strong> 2015038<\/span><br><span class=\"einsatz-datetime\"><strong>Datum:<\/strong> 29.06.2015 18:00<\/span><br><span class=\"einsatz-incidentType\"><strong>Einsatzart:<\/strong> THL 1<\/span><br><span class=\"einsatz-location\"><strong>Einsatzort:<\/strong> Dippach<\/span><br><span class=\"einsatz-title\"><strong>Einsatzmeldung:<\/strong> <a href=\"https:\/\/feuerwehr-eltmann.de\/?einsatz=entfernung-eichenprozessionsspinner\" rel=\"bookmark\">Entfernung Eichenprozessionsspinner<\/a><\/span><br><\/td><td class=\"einsatz-column-number\">2015038<\/td><td class=\"einsatz-column-datetime\">29.06.2015 18:00<\/td><td class=\"einsatz-column-incidentType\">THL 1<\/td><td class=\"einsatz-column-location\">Dippach<\/td><td class=\"einsatz-column-title\"><a href=\"https:\/\/feuerwehr-eltmann.de\/?einsatz=entfernung-eichenprozessionsspinner\" rel=\"bookmark\">Entfernung Eichenprozessionsspinner<\/a><\/td><td class=\"einsatz-column-annotationImages\"><i class=\"fa-solid fa-camera\" aria-hidden=\"true\" title=\"Bericht enth\u00e4lt keine Bilder\" style=\"color: #bbbbbb;\"><\/i><\/td><\/tr><tr class=\"report\"><td class=\"smallscreen\" colspan=\"6\" data-permalink=\"https:\/\/feuerwehr-eltmann.de\/?einsatz=rauchentwicklung-im-freien-3\"><div class=\"annotation-icon-bar\"><i class=\"fa-solid fa-camera\" aria-hidden=\"true\" title=\"Bericht enth\u00e4lt keine Bilder\" style=\"color: #bbbbbb;\"><\/i><\/div><span class=\"einsatz-number\"><strong>Nummer:<\/strong> 2015037<\/span><br><span class=\"einsatz-datetime\"><strong>Datum:<\/strong> 27.06.2015 20:31<\/span><br><span class=\"einsatz-incidentType\"><strong>Einsatzart:<\/strong> B 1<\/span><br><span class=\"einsatz-location\"><strong>Einsatzort:<\/strong> Ebelsbach<\/span><br><span class=\"einsatz-title\"><strong>Einsatzmeldung:<\/strong> <a href=\"https:\/\/feuerwehr-eltmann.de\/?einsatz=rauchentwicklung-im-freien-3\" rel=\"bookmark\">Rauchentwicklung im Freien<\/a><\/span><br><\/td><td class=\"einsatz-column-number\">2015037<\/td><td class=\"einsatz-column-datetime\">27.06.2015 20:31<\/td><td class=\"einsatz-column-incidentType\">B 1<\/td><td class=\"einsatz-column-location\">Ebelsbach<\/td><td class=\"einsatz-column-title\"><a href=\"https:\/\/feuerwehr-eltmann.de\/?einsatz=rauchentwicklung-im-freien-3\" rel=\"bookmark\">Rauchentwicklung im Freien<\/a><\/td><td class=\"einsatz-column-annotationImages\"><i class=\"fa-solid fa-camera\" aria-hidden=\"true\" title=\"Bericht enth\u00e4lt keine Bilder\" style=\"color: #bbbbbb;\"><\/i><\/td><\/tr><tr class=\"report\"><td class=\"smallscreen\" colspan=\"6\" data-permalink=\"https:\/\/feuerwehr-eltmann.de\/?einsatz=sicherheitswache-johannisfeuer-2\"><div class=\"annotation-icon-bar\"><i class=\"fa-solid fa-camera\" aria-hidden=\"true\" title=\"Bericht enth\u00e4lt keine Bilder\" style=\"color: #bbbbbb;\"><\/i><\/div><span class=\"einsatz-number\"><strong>Nummer:<\/strong> 2015036<\/span><br><span class=\"einsatz-datetime\"><strong>Datum:<\/strong> 26.06.2015 19:00<\/span><br><span class=\"einsatz-incidentType\"><strong>Einsatzart:<\/strong> INF SICHERHEITSWACHE<\/span><br><span class=\"einsatz-location\"><strong>Einsatzort:<\/strong> Weisbrunn<\/span><br><span class=\"einsatz-title\"><strong>Einsatzmeldung:<\/strong> <a href=\"https:\/\/feuerwehr-eltmann.de\/?einsatz=sicherheitswache-johannisfeuer-2\" rel=\"bookmark\">Sicherheitswache Johannisfeuer<\/a><\/span><br><\/td><td class=\"einsatz-column-number\">2015036<\/td><td class=\"einsatz-column-datetime\">26.06.2015 19:00<\/td><td class=\"einsatz-column-incidentType\">INF SICHERHEITSWACHE<\/td><td class=\"einsatz-column-location\">Weisbrunn<\/td><td class=\"einsatz-column-title\"><a href=\"https:\/\/feuerwehr-eltmann.de\/?einsatz=sicherheitswache-johannisfeuer-2\" rel=\"bookmark\">Sicherheitswache Johannisfeuer<\/a><\/td><td class=\"einsatz-column-annotationImages\"><i class=\"fa-solid fa-camera\" aria-hidden=\"true\" title=\"Bericht enth\u00e4lt keine Bilder\" style=\"color: #bbbbbb;\"><\/i><\/td><\/tr><tr class=\"report\"><td class=\"smallscreen\" colspan=\"6\" data-permalink=\"https:\/\/feuerwehr-eltmann.de\/?einsatz=oelspur-17\"><div class=\"annotation-icon-bar\"><i class=\"fa-solid fa-camera\" aria-hidden=\"true\" title=\"Bericht enth\u00e4lt keine Bilder\" style=\"color: #bbbbbb;\"><\/i><\/div><span class=\"einsatz-number\"><strong>Nummer:<\/strong> 2015035<\/span><br><span class=\"einsatz-datetime\"><strong>Datum:<\/strong> 26.06.2015 17:26<\/span><br><span class=\"einsatz-incidentType\"><strong>Einsatzart:<\/strong> THL 1<\/span><br><span class=\"einsatz-location\"><strong>Einsatzort:<\/strong> A70<\/span><br><span class=\"einsatz-title\"><strong>Einsatzmeldung:<\/strong> <a href=\"https:\/\/feuerwehr-eltmann.de\/?einsatz=oelspur-17\" rel=\"bookmark\">\u00d6lspur<\/a><\/span><br><\/td><td class=\"einsatz-column-number\">2015035<\/td><td class=\"einsatz-column-datetime\">26.06.2015 17:26<\/td><td class=\"einsatz-column-incidentType\">THL 1<\/td><td class=\"einsatz-column-location\">A70<\/td><td class=\"einsatz-column-title\"><a href=\"https:\/\/feuerwehr-eltmann.de\/?einsatz=oelspur-17\" rel=\"bookmark\">\u00d6lspur<\/a><\/td><td class=\"einsatz-column-annotationImages\"><i class=\"fa-solid fa-camera\" aria-hidden=\"true\" title=\"Bericht enth\u00e4lt keine Bilder\" style=\"color: #bbbbbb;\"><\/i><\/td><\/tr><tr class=\"report\"><td class=\"smallscreen\" colspan=\"6\" data-permalink=\"https:\/\/feuerwehr-eltmann.de\/?einsatz=brand-pkw-2\"><div class=\"annotation-icon-bar\"><i class=\"fa-solid fa-camera\" aria-hidden=\"true\" title=\"Bericht enth\u00e4lt keine Bilder\" style=\"color: #bbbbbb;\"><\/i><\/div><span class=\"einsatz-number\"><strong>Nummer:<\/strong> 2015034<\/span><br><span class=\"einsatz-datetime\"><strong>Datum:<\/strong> 23.06.2015 11:28<\/span><br><span class=\"einsatz-incidentType\"><strong>Einsatzart:<\/strong> B 2<\/span><br><span class=\"einsatz-location\"><strong>Einsatzort:<\/strong> Lembach - Kirchaich<\/span><br><span class=\"einsatz-title\"><strong>Einsatzmeldung:<\/strong> <a href=\"https:\/\/feuerwehr-eltmann.de\/?einsatz=brand-pkw-2\" rel=\"bookmark\">Brand PKW<\/a><\/span><br><\/td><td class=\"einsatz-column-number\">2015034<\/td><td class=\"einsatz-column-datetime\">23.06.2015 11:28<\/td><td class=\"einsatz-column-incidentType\">B 2<\/td><td class=\"einsatz-column-location\">Lembach - Kirchaich<\/td><td class=\"einsatz-column-title\"><a href=\"https:\/\/feuerwehr-eltmann.de\/?einsatz=brand-pkw-2\" rel=\"bookmark\">Brand PKW<\/a><\/td><td class=\"einsatz-column-annotationImages\"><i class=\"fa-solid fa-camera\" aria-hidden=\"true\" title=\"Bericht enth\u00e4lt keine Bilder\" style=\"color: #bbbbbb;\"><\/i><\/td><\/tr><tr class=\"report\"><td class=\"smallscreen\" colspan=\"6\" data-permalink=\"https:\/\/feuerwehr-eltmann.de\/?einsatz=vu-mit-pkw-9\"><div class=\"annotation-icon-bar\"><i class=\"fa-solid fa-camera\" aria-hidden=\"true\" title=\"Bericht enth\u00e4lt keine Bilder\" style=\"color: #bbbbbb;\"><\/i><\/div><span class=\"einsatz-number\"><strong>Nummer:<\/strong> 2015033<\/span><br><span class=\"einsatz-datetime\"><strong>Datum:<\/strong> 20.06.2015 13:27<\/span><br><span class=\"einsatz-incidentType\"><strong>Einsatzart:<\/strong> THL 1<\/span><br><span class=\"einsatz-location\"><strong>Einsatzort:<\/strong> Weisbrunn - Trossenfurt<\/span><br><span class=\"einsatz-title\"><strong>Einsatzmeldung:<\/strong> <a href=\"https:\/\/feuerwehr-eltmann.de\/?einsatz=vu-mit-pkw-9\" rel=\"bookmark\">VU mit PKW<\/a><\/span><br><\/td><td class=\"einsatz-column-number\">2015033<\/td><td class=\"einsatz-column-datetime\">20.06.2015 13:27<\/td><td class=\"einsatz-column-incidentType\">THL 1<\/td><td class=\"einsatz-column-location\">Weisbrunn - Trossenfurt<\/td><td class=\"einsatz-column-title\"><a href=\"https:\/\/feuerwehr-eltmann.de\/?einsatz=vu-mit-pkw-9\" rel=\"bookmark\">VU mit PKW<\/a><\/td><td class=\"einsatz-column-annotationImages\"><i class=\"fa-solid fa-camera\" aria-hidden=\"true\" title=\"Bericht enth\u00e4lt keine Bilder\" style=\"color: #bbbbbb;\"><\/i><\/td><\/tr><tr class=\"report\"><td class=\"smallscreen\" colspan=\"6\" data-permalink=\"https:\/\/feuerwehr-eltmann.de\/?einsatz=brand-in-schaltschrank\"><div class=\"annotation-icon-bar\"><i class=\"fa-solid fa-camera\" aria-hidden=\"true\" title=\"Bericht enth\u00e4lt keine Bilder\" style=\"color: #bbbbbb;\"><\/i><\/div><span class=\"einsatz-number\"><strong>Nummer:<\/strong> 2015032<\/span><br><span class=\"einsatz-datetime\"><strong>Datum:<\/strong> 18.06.2015 12:10<\/span><br><span class=\"einsatz-incidentType\"><strong>Einsatzart:<\/strong> B ELEKTROANLAGE<\/span><br><span class=\"einsatz-location\"><strong>Einsatzort:<\/strong> Eltmann, Industriegebiet<\/span><br><span class=\"einsatz-title\"><strong>Einsatzmeldung:<\/strong> <a href=\"https:\/\/feuerwehr-eltmann.de\/?einsatz=brand-in-schaltschrank\" rel=\"bookmark\">Brand in Schaltschrank<\/a><\/span><br><\/td><td class=\"einsatz-column-number\">2015032<\/td><td class=\"einsatz-column-datetime\">18.06.2015 12:10<\/td><td class=\"einsatz-column-incidentType\">B ELEKTROANLAGE<\/td><td class=\"einsatz-column-location\">Eltmann, Industriegebiet<\/td><td class=\"einsatz-column-title\"><a href=\"https:\/\/feuerwehr-eltmann.de\/?einsatz=brand-in-schaltschrank\" rel=\"bookmark\">Brand in Schaltschrank<\/a><\/td><td class=\"einsatz-column-annotationImages\"><i class=\"fa-solid fa-camera\" aria-hidden=\"true\" title=\"Bericht enth\u00e4lt keine Bilder\" style=\"color: #bbbbbb;\"><\/i><\/td><\/tr><tr class=\"report\"><td class=\"smallscreen\" colspan=\"6\" data-permalink=\"https:\/\/feuerwehr-eltmann.de\/?einsatz=person-in-wohnung-10\"><div class=\"annotation-icon-bar\"><i class=\"fa-solid fa-camera\" aria-hidden=\"true\" title=\"Bericht enth\u00e4lt keine Bilder\" style=\"color: #bbbbbb;\"><\/i><\/div><span class=\"einsatz-number\"><strong>Nummer:<\/strong> 2015031<\/span><br><span class=\"einsatz-datetime\"><strong>Datum:<\/strong> 16.06.2015 10:55<\/span><br><span class=\"einsatz-incidentType\"><strong>Einsatzart:<\/strong> THL P EINGESCHLOSSEN<\/span><br><span class=\"einsatz-location\"><strong>Einsatzort:<\/strong> Eschenbach<\/span><br><span class=\"einsatz-title\"><strong>Einsatzmeldung:<\/strong> <a href=\"https:\/\/feuerwehr-eltmann.de\/?einsatz=person-in-wohnung-10\" rel=\"bookmark\">Person in Wohnung<\/a><\/span><br><\/td><td class=\"einsatz-column-number\">2015031<\/td><td class=\"einsatz-column-datetime\">16.06.2015 10:55<\/td><td class=\"einsatz-column-incidentType\">THL P EINGESCHLOSSEN<\/td><td class=\"einsatz-column-location\">Eschenbach<\/td><td class=\"einsatz-column-title\"><a href=\"https:\/\/feuerwehr-eltmann.de\/?einsatz=person-in-wohnung-10\" rel=\"bookmark\">Person in Wohnung<\/a><\/td><td class=\"einsatz-column-annotationImages\"><i class=\"fa-solid fa-camera\" aria-hidden=\"true\" title=\"Bericht enth\u00e4lt keine Bilder\" style=\"color: #bbbbbb;\"><\/i><\/td><\/tr><tr class=\"report\"><td class=\"smallscreen\" colspan=\"6\" data-permalink=\"https:\/\/feuerwehr-eltmann.de\/?einsatz=oelspur-16\"><div class=\"annotation-icon-bar\"><i class=\"fa-solid fa-camera\" aria-hidden=\"true\" title=\"Bericht enth\u00e4lt keine Bilder\" style=\"color: #bbbbbb;\"><\/i><\/div><span class=\"einsatz-number\"><strong>Nummer:<\/strong> 2015030<\/span><br><span class=\"einsatz-datetime\"><strong>Datum:<\/strong> 10.06.2015 01:09<\/span><br><span class=\"einsatz-incidentType\"><strong>Einsatzart:<\/strong> THL 1<\/span><br><span class=\"einsatz-location\"><strong>Einsatzort:<\/strong> Eltmann, Industriegebiet<\/span><br><span class=\"einsatz-title\"><strong>Einsatzmeldung:<\/strong> <a href=\"https:\/\/feuerwehr-eltmann.de\/?einsatz=oelspur-16\" rel=\"bookmark\">\u00d6lspur<\/a><\/span><br><\/td><td class=\"einsatz-column-number\">2015030<\/td><td class=\"einsatz-column-datetime\">10.06.2015 01:09<\/td><td class=\"einsatz-column-incidentType\">THL 1<\/td><td class=\"einsatz-column-location\">Eltmann, Industriegebiet<\/td><td class=\"einsatz-column-title\"><a href=\"https:\/\/feuerwehr-eltmann.de\/?einsatz=oelspur-16\" rel=\"bookmark\">\u00d6lspur<\/a><\/td><td class=\"einsatz-column-annotationImages\"><i class=\"fa-solid fa-camera\" aria-hidden=\"true\" title=\"Bericht enth\u00e4lt keine Bilder\" style=\"color: #bbbbbb;\"><\/i><\/td><\/tr><tr class=\"report\"><td class=\"smallscreen\" colspan=\"6\" data-permalink=\"https:\/\/feuerwehr-eltmann.de\/?einsatz=verkehrslenkung-5\"><div class=\"annotation-icon-bar\"><i class=\"fa-solid fa-camera\" aria-hidden=\"true\" title=\"Bericht enth\u00e4lt keine Bilder\" style=\"color: #bbbbbb;\"><\/i><\/div><span class=\"einsatz-number\"><strong>Nummer:<\/strong> 2015029<\/span><br><span class=\"einsatz-datetime\"><strong>Datum:<\/strong> 04.06.2015 09:30<\/span><br><span class=\"einsatz-incidentType\"><strong>Einsatzart:<\/strong> INF VERKEHRSSICHERUNG<\/span><br><span class=\"einsatz-location\"><strong>Einsatzort:<\/strong> Eltmann<\/span><br><span class=\"einsatz-title\"><strong>Einsatzmeldung:<\/strong> <a href=\"https:\/\/feuerwehr-eltmann.de\/?einsatz=verkehrslenkung-5\" rel=\"bookmark\">Verkehrslenkung<\/a><\/span><br><\/td><td class=\"einsatz-column-number\">2015029<\/td><td class=\"einsatz-column-datetime\">04.06.2015 09:30<\/td><td class=\"einsatz-column-incidentType\">INF VERKEHRSSICHERUNG<\/td><td class=\"einsatz-column-location\">Eltmann<\/td><td class=\"einsatz-column-title\"><a href=\"https:\/\/feuerwehr-eltmann.de\/?einsatz=verkehrslenkung-5\" rel=\"bookmark\">Verkehrslenkung<\/a><\/td><td class=\"einsatz-column-annotationImages\"><i class=\"fa-solid fa-camera\" aria-hidden=\"true\" title=\"Bericht enth\u00e4lt keine Bilder\" style=\"color: #bbbbbb;\"><\/i><\/td><\/tr><tr class=\"einsatz-title-month\"><td colspan=\"6\">Mai<\/td><\/tr><tr class=\"einsatz-header\"><th style=\"white-space: nowrap;\">Nummer<\/th><th style=\"white-space: nowrap;\">Datum<\/th><th style=\"\">Einsatzart<\/th><th style=\"\">Einsatzort<\/th><th style=\"\">Einsatzmeldung<\/th><th style=\"\"><\/th><\/tr><tr class=\"report\"><td class=\"smallscreen\" colspan=\"6\" data-permalink=\"https:\/\/feuerwehr-eltmann.de\/?einsatz=verkehrslenkung-4\"><div class=\"annotation-icon-bar\"><i class=\"fa-solid fa-camera\" aria-hidden=\"true\" title=\"Bericht enth\u00e4lt keine Bilder\" style=\"color: #bbbbbb;\"><\/i><\/div><span class=\"einsatz-number\"><strong>Nummer:<\/strong> 2015028<\/span><br><span class=\"einsatz-datetime\"><strong>Datum:<\/strong> 30.05.2015 14:30<\/span><br><span class=\"einsatz-incidentType\"><strong>Einsatzart:<\/strong> INF VERKEHRSSICHERUNG<\/span><br><span class=\"einsatz-location\"><strong>Einsatzort:<\/strong> Eltmann<\/span><br><span class=\"einsatz-title\"><strong>Einsatzmeldung:<\/strong> <a href=\"https:\/\/feuerwehr-eltmann.de\/?einsatz=verkehrslenkung-4\" rel=\"bookmark\">Verkehrslenkung<\/a><\/span><br><\/td><td class=\"einsatz-column-number\">2015028<\/td><td class=\"einsatz-column-datetime\">30.05.2015 14:30<\/td><td class=\"einsatz-column-incidentType\">INF VERKEHRSSICHERUNG<\/td><td class=\"einsatz-column-location\">Eltmann<\/td><td class=\"einsatz-column-title\"><a href=\"https:\/\/feuerwehr-eltmann.de\/?einsatz=verkehrslenkung-4\" rel=\"bookmark\">Verkehrslenkung<\/a><\/td><td class=\"einsatz-column-annotationImages\"><i class=\"fa-solid fa-camera\" aria-hidden=\"true\" title=\"Bericht enth\u00e4lt keine Bilder\" style=\"color: #bbbbbb;\"><\/i><\/td><\/tr><tr class=\"report\"><td class=\"smallscreen\" colspan=\"6\" data-permalink=\"https:\/\/feuerwehr-eltmann.de\/?einsatz=brandmeldeanlage-23\"><div class=\"annotation-icon-bar\"><i class=\"fa-solid fa-camera\" aria-hidden=\"true\" title=\"Bericht enth\u00e4lt keine Bilder\" style=\"color: #bbbbbb;\"><\/i><\/div><span class=\"einsatz-number\"><strong>Nummer:<\/strong> 2015027<\/span><br><span class=\"einsatz-datetime\"><strong>Datum:<\/strong> 23.05.2015 11:45<\/span><br><span class=\"einsatz-incidentType\"><strong>Einsatzart:<\/strong> B BMA<\/span><br><span class=\"einsatz-location\"><strong>Einsatzort:<\/strong> Eltmann, Tiefgarage<\/span><br><span class=\"einsatz-title\"><strong>Einsatzmeldung:<\/strong> <a href=\"https:\/\/feuerwehr-eltmann.de\/?einsatz=brandmeldeanlage-23\" rel=\"bookmark\">Brandmeldeanlage<\/a><\/span><br><\/td><td class=\"einsatz-column-number\">2015027<\/td><td class=\"einsatz-column-datetime\">23.05.2015 11:45<\/td><td class=\"einsatz-column-incidentType\">B BMA<\/td><td class=\"einsatz-column-location\">Eltmann, Tiefgarage<\/td><td class=\"einsatz-column-title\"><a href=\"https:\/\/feuerwehr-eltmann.de\/?einsatz=brandmeldeanlage-23\" rel=\"bookmark\">Brandmeldeanlage<\/a><\/td><td class=\"einsatz-column-annotationImages\"><i class=\"fa-solid fa-camera\" aria-hidden=\"true\" title=\"Bericht enth\u00e4lt keine Bilder\" style=\"color: #bbbbbb;\"><\/i><\/td><\/tr><tr class=\"report\"><td class=\"smallscreen\" colspan=\"6\" data-permalink=\"https:\/\/feuerwehr-eltmann.de\/?einsatz=baum-auf-strasse-5\"><div class=\"annotation-icon-bar\"><i class=\"fa-solid fa-camera\" aria-hidden=\"true\" title=\"Bericht enth\u00e4lt keine Bilder\" style=\"color: #bbbbbb;\"><\/i><\/div><span class=\"einsatz-number\"><strong>Nummer:<\/strong> 2015026<\/span><br><span class=\"einsatz-datetime\"><strong>Datum:<\/strong> 09.05.2015 15:36<\/span><br><span class=\"einsatz-incidentType\"><strong>Einsatzart:<\/strong> THL 1<\/span><br><span class=\"einsatz-location\"><strong>Einsatzort:<\/strong> Eltmann<\/span><br><span class=\"einsatz-title\"><strong>Einsatzmeldung:<\/strong> <a href=\"https:\/\/feuerwehr-eltmann.de\/?einsatz=baum-auf-strasse-5\" rel=\"bookmark\">Baum auf Stra\u00dfe<\/a><\/span><br><\/td><td class=\"einsatz-column-number\">2015026<\/td><td class=\"einsatz-column-datetime\">09.05.2015 15:36<\/td><td class=\"einsatz-column-incidentType\">THL 1<\/td><td class=\"einsatz-column-location\">Eltmann<\/td><td class=\"einsatz-column-title\"><a href=\"https:\/\/feuerwehr-eltmann.de\/?einsatz=baum-auf-strasse-5\" rel=\"bookmark\">Baum auf Stra\u00dfe<\/a><\/td><td class=\"einsatz-column-annotationImages\"><i class=\"fa-solid fa-camera\" aria-hidden=\"true\" title=\"Bericht enth\u00e4lt keine Bilder\" style=\"color: #bbbbbb;\"><\/i><\/td><\/tr><tr class=\"report\"><td class=\"smallscreen\" colspan=\"6\" data-permalink=\"https:\/\/feuerwehr-eltmann.de\/?einsatz=brandmeldeanlage-22\"><div class=\"annotation-icon-bar\"><i class=\"fa-solid fa-camera\" aria-hidden=\"true\" title=\"Bericht enth\u00e4lt keine Bilder\" style=\"color: #bbbbbb;\"><\/i><\/div><span class=\"einsatz-number\"><strong>Nummer:<\/strong> 2015025<\/span><br><span class=\"einsatz-datetime\"><strong>Datum:<\/strong> 06.05.2015 23:36<\/span><br><span class=\"einsatz-incidentType\"><strong>Einsatzart:<\/strong> B BMA<\/span><br><span class=\"einsatz-location\"><strong>Einsatzort:<\/strong> Eltmann, Altenheim<\/span><br><span class=\"einsatz-title\"><strong>Einsatzmeldung:<\/strong> <a href=\"https:\/\/feuerwehr-eltmann.de\/?einsatz=brandmeldeanlage-22\" rel=\"bookmark\">Brandmeldeanlage<\/a><\/span><br><\/td><td class=\"einsatz-column-number\">2015025<\/td><td class=\"einsatz-column-datetime\">06.05.2015 23:36<\/td><td class=\"einsatz-column-incidentType\">B BMA<\/td><td class=\"einsatz-column-location\">Eltmann, Altenheim<\/td><td class=\"einsatz-column-title\"><a href=\"https:\/\/feuerwehr-eltmann.de\/?einsatz=brandmeldeanlage-22\" rel=\"bookmark\">Brandmeldeanlage<\/a><\/td><td class=\"einsatz-column-annotationImages\"><i class=\"fa-solid fa-camera\" aria-hidden=\"true\" title=\"Bericht enth\u00e4lt keine Bilder\" style=\"color: #bbbbbb;\"><\/i><\/td><\/tr><tr class=\"report\"><td class=\"smallscreen\" colspan=\"6\" data-permalink=\"https:\/\/feuerwehr-eltmann.de\/?einsatz=verschmutzte-fahrbahn\"><div class=\"annotation-icon-bar\"><i class=\"fa-solid fa-camera\" aria-hidden=\"true\" title=\"Bericht enth\u00e4lt keine Bilder\" style=\"color: #bbbbbb;\"><\/i><\/div><span class=\"einsatz-number\"><strong>Nummer:<\/strong> 2015024<\/span><br><span class=\"einsatz-datetime\"><strong>Datum:<\/strong> 05.05.2015 02:03<\/span><br><span class=\"einsatz-incidentType\"><strong>Einsatzart:<\/strong> THL 1<\/span><br><span class=\"einsatz-location\"><strong>Einsatzort:<\/strong> Eltmann, Industriegebiet<\/span><br><span class=\"einsatz-title\"><strong>Einsatzmeldung:<\/strong> <a href=\"https:\/\/feuerwehr-eltmann.de\/?einsatz=verschmutzte-fahrbahn\" rel=\"bookmark\">verschmutzte Fahrbahn<\/a><\/span><br><\/td><td class=\"einsatz-column-number\">2015024<\/td><td class=\"einsatz-column-datetime\">05.05.2015 02:03<\/td><td class=\"einsatz-column-incidentType\">THL 1<\/td><td class=\"einsatz-column-location\">Eltmann, Industriegebiet<\/td><td class=\"einsatz-column-title\"><a href=\"https:\/\/feuerwehr-eltmann.de\/?einsatz=verschmutzte-fahrbahn\" rel=\"bookmark\">verschmutzte Fahrbahn<\/a><\/td><td class=\"einsatz-column-annotationImages\"><i class=\"fa-solid fa-camera\" aria-hidden=\"true\" title=\"Bericht enth\u00e4lt keine Bilder\" style=\"color: #bbbbbb;\"><\/i><\/td><\/tr><tr class=\"report\"><td class=\"smallscreen\" colspan=\"6\" data-permalink=\"https:\/\/feuerwehr-eltmann.de\/?einsatz=vu-mit-pkw-fuenf-verl-personen\"><div class=\"annotation-icon-bar\"><i class=\"fa-solid fa-camera\" aria-hidden=\"true\" title=\"Bericht enth\u00e4lt Bilder\" style=\"\"><\/i><\/div><span class=\"einsatz-number\"><strong>Nummer:<\/strong> 2015023<\/span><br><span class=\"einsatz-datetime\"><strong>Datum:<\/strong> 03.05.2015 14:20<\/span><br><span class=\"einsatz-incidentType\"><strong>Einsatzart:<\/strong> THL 4<\/span><br><span class=\"einsatz-location\"><strong>Einsatzort:<\/strong> A70<\/span><br><span class=\"einsatz-title\"><strong>Einsatzmeldung:<\/strong> <a href=\"https:\/\/feuerwehr-eltmann.de\/?einsatz=vu-mit-pkw-fuenf-verl-personen\" rel=\"bookmark\">VU mit PKW, f\u00fcnf verl. Personen<\/a><\/span><br><\/td><td class=\"einsatz-column-number\">2015023<\/td><td class=\"einsatz-column-datetime\">03.05.2015 14:20<\/td><td class=\"einsatz-column-incidentType\">THL 4<\/td><td class=\"einsatz-column-location\">A70<\/td><td class=\"einsatz-column-title\"><a href=\"https:\/\/feuerwehr-eltmann.de\/?einsatz=vu-mit-pkw-fuenf-verl-personen\" rel=\"bookmark\">VU mit PKW, f\u00fcnf verl. Personen<\/a><\/td><td class=\"einsatz-column-annotationImages\"><i class=\"fa-solid fa-camera\" aria-hidden=\"true\" title=\"Bericht enth\u00e4lt Bilder\" style=\"\"><\/i><\/td><\/tr><tr class=\"report\"><td class=\"smallscreen\" colspan=\"6\" data-permalink=\"https:\/\/feuerwehr-eltmann.de\/?einsatz=person-in-wohnung-9\"><div class=\"annotation-icon-bar\"><i class=\"fa-solid fa-camera\" aria-hidden=\"true\" title=\"Bericht enth\u00e4lt keine Bilder\" style=\"color: #bbbbbb;\"><\/i><\/div><span class=\"einsatz-number\"><strong>Nummer:<\/strong> 2015022<\/span><br><span class=\"einsatz-datetime\"><strong>Datum:<\/strong> 01.05.2015 18:58<\/span><br><span class=\"einsatz-incidentType\"><strong>Einsatzart:<\/strong> THL P EINGESCHLOSSEN<\/span><br><span class=\"einsatz-location\"><strong>Einsatzort:<\/strong> Eltmann<\/span><br><span class=\"einsatz-title\"><strong>Einsatzmeldung:<\/strong> <a href=\"https:\/\/feuerwehr-eltmann.de\/?einsatz=person-in-wohnung-9\" rel=\"bookmark\">Person in Wohnung<\/a><\/span><br><\/td><td class=\"einsatz-column-number\">2015022<\/td><td class=\"einsatz-column-datetime\">01.05.2015 18:58<\/td><td class=\"einsatz-column-incidentType\">THL P EINGESCHLOSSEN<\/td><td class=\"einsatz-column-location\">Eltmann<\/td><td class=\"einsatz-column-title\"><a href=\"https:\/\/feuerwehr-eltmann.de\/?einsatz=person-in-wohnung-9\" rel=\"bookmark\">Person in Wohnung<\/a><\/td><td class=\"einsatz-column-annotationImages\"><i class=\"fa-solid fa-camera\" aria-hidden=\"true\" title=\"Bericht enth\u00e4lt keine Bilder\" style=\"color: #bbbbbb;\"><\/i><\/td><\/tr><tr class=\"zebracorrection\"><td colspan=\"6\">&nbsp;<\/td><\/tr><tr class=\"einsatz-title-month\"><td colspan=\"6\">April<\/td><\/tr><tr class=\"einsatz-header\"><th style=\"white-space: nowrap;\">Nummer<\/th><th style=\"white-space: nowrap;\">Datum<\/th><th style=\"\">Einsatzart<\/th><th style=\"\">Einsatzort<\/th><th style=\"\">Einsatzmeldung<\/th><th style=\"\"><\/th><\/tr><tr class=\"report\"><td class=\"smallscreen\" colspan=\"6\" data-permalink=\"https:\/\/feuerwehr-eltmann.de\/?einsatz=verkehrslenkung-3\"><div class=\"annotation-icon-bar\"><i class=\"fa-solid fa-camera\" aria-hidden=\"true\" title=\"Bericht enth\u00e4lt keine Bilder\" style=\"color: #bbbbbb;\"><\/i><\/div><span class=\"einsatz-number\"><strong>Nummer:<\/strong> 2015021<\/span><br><span class=\"einsatz-datetime\"><strong>Datum:<\/strong> 30.04.2015 18:00<\/span><br><span class=\"einsatz-incidentType\"><strong>Einsatzart:<\/strong> INF VERKEHRSSICHERUNG<\/span><br><span class=\"einsatz-location\"><strong>Einsatzort:<\/strong> Eltmann<\/span><br><span class=\"einsatz-title\"><strong>Einsatzmeldung:<\/strong> <a href=\"https:\/\/feuerwehr-eltmann.de\/?einsatz=verkehrslenkung-3\" rel=\"bookmark\">Verkehrslenkung<\/a><\/span><br><\/td><td class=\"einsatz-column-number\">2015021<\/td><td class=\"einsatz-column-datetime\">30.04.2015 18:00<\/td><td class=\"einsatz-column-incidentType\">INF VERKEHRSSICHERUNG<\/td><td class=\"einsatz-column-location\">Eltmann<\/td><td class=\"einsatz-column-title\"><a href=\"https:\/\/feuerwehr-eltmann.de\/?einsatz=verkehrslenkung-3\" rel=\"bookmark\">Verkehrslenkung<\/a><\/td><td class=\"einsatz-column-annotationImages\"><i class=\"fa-solid fa-camera\" aria-hidden=\"true\" title=\"Bericht enth\u00e4lt keine Bilder\" style=\"color: #bbbbbb;\"><\/i><\/td><\/tr><tr class=\"report\"><td class=\"smallscreen\" colspan=\"6\" data-permalink=\"https:\/\/feuerwehr-eltmann.de\/?einsatz=rauchentwicklung-im-gebaeude\"><div class=\"annotation-icon-bar\"><i class=\"fa-solid fa-camera\" aria-hidden=\"true\" title=\"Bericht enth\u00e4lt keine Bilder\" style=\"color: #bbbbbb;\"><\/i><\/div><span class=\"einsatz-number\"><strong>Nummer:<\/strong> 2015020<\/span><br><span class=\"einsatz-datetime\"><strong>Datum:<\/strong> 26.04.2015 19:08<\/span><br><span class=\"einsatz-incidentType\"><strong>Einsatzart:<\/strong> B 3<\/span><br><span class=\"einsatz-location\"><strong>Einsatzort:<\/strong> Sand am Main<\/span><br><span class=\"einsatz-title\"><strong>Einsatzmeldung:<\/strong> <a href=\"https:\/\/feuerwehr-eltmann.de\/?einsatz=rauchentwicklung-im-gebaeude\" rel=\"bookmark\">Rauchentwicklung im Geb\u00e4ude<\/a><\/span><br><\/td><td class=\"einsatz-column-number\">2015020<\/td><td class=\"einsatz-column-datetime\">26.04.2015 19:08<\/td><td class=\"einsatz-column-incidentType\">B 3<\/td><td class=\"einsatz-column-location\">Sand am Main<\/td><td class=\"einsatz-column-title\"><a href=\"https:\/\/feuerwehr-eltmann.de\/?einsatz=rauchentwicklung-im-gebaeude\" rel=\"bookmark\">Rauchentwicklung im Geb\u00e4ude<\/a><\/td><td class=\"einsatz-column-annotationImages\"><i class=\"fa-solid fa-camera\" aria-hidden=\"true\" title=\"Bericht enth\u00e4lt keine Bilder\" style=\"color: #bbbbbb;\"><\/i><\/td><\/tr><tr class=\"report\"><td class=\"smallscreen\" colspan=\"6\" data-permalink=\"https:\/\/feuerwehr-eltmann.de\/?einsatz=rauchentwicklung-im-freien-2\"><div class=\"annotation-icon-bar\"><i class=\"fa-solid fa-camera\" aria-hidden=\"true\" title=\"Bericht enth\u00e4lt keine Bilder\" style=\"color: #bbbbbb;\"><\/i><\/div><span class=\"einsatz-number\"><strong>Nummer:<\/strong> 2015019<\/span><br><span class=\"einsatz-datetime\"><strong>Datum:<\/strong> 21.04.2015 14:17<\/span><br><span class=\"einsatz-incidentType\"><strong>Einsatzart:<\/strong> B 1<\/span><br><span class=\"einsatz-location\"><strong>Einsatzort:<\/strong> Eltmann<\/span><br><span class=\"einsatz-title\"><strong>Einsatzmeldung:<\/strong> <a href=\"https:\/\/feuerwehr-eltmann.de\/?einsatz=rauchentwicklung-im-freien-2\" rel=\"bookmark\">Rauchentwicklung im Freien<\/a><\/span><br><\/td><td class=\"einsatz-column-number\">2015019<\/td><td class=\"einsatz-column-datetime\">21.04.2015 14:17<\/td><td class=\"einsatz-column-incidentType\">B 1<\/td><td class=\"einsatz-column-location\">Eltmann<\/td><td class=\"einsatz-column-title\"><a href=\"https:\/\/feuerwehr-eltmann.de\/?einsatz=rauchentwicklung-im-freien-2\" rel=\"bookmark\">Rauchentwicklung im Freien<\/a><\/td><td class=\"einsatz-column-annotationImages\"><i class=\"fa-solid fa-camera\" aria-hidden=\"true\" title=\"Bericht enth\u00e4lt keine Bilder\" style=\"color: #bbbbbb;\"><\/i><\/td><\/tr><tr class=\"report\"><td class=\"smallscreen\" colspan=\"6\" data-permalink=\"https:\/\/feuerwehr-eltmann.de\/?einsatz=sicherheitswache-6\"><div class=\"annotation-icon-bar\"><i class=\"fa-solid fa-camera\" aria-hidden=\"true\" title=\"Bericht enth\u00e4lt keine Bilder\" style=\"color: #bbbbbb;\"><\/i><\/div><span class=\"einsatz-number\"><strong>Nummer:<\/strong> 2015018<\/span><br><span class=\"einsatz-datetime\"><strong>Datum:<\/strong> 17.04.2015 17:30<\/span><br><span class=\"einsatz-incidentType\"><strong>Einsatzart:<\/strong> INF SICHERHEITSWACHE<\/span><br><span class=\"einsatz-location\"><strong>Einsatzort:<\/strong> Eltmann, Industriegebiet<\/span><br><span class=\"einsatz-title\"><strong>Einsatzmeldung:<\/strong> <a href=\"https:\/\/feuerwehr-eltmann.de\/?einsatz=sicherheitswache-6\" rel=\"bookmark\">Sicherheitswache<\/a><\/span><br><\/td><td class=\"einsatz-column-number\">2015018<\/td><td class=\"einsatz-column-datetime\">17.04.2015 17:30<\/td><td class=\"einsatz-column-incidentType\">INF SICHERHEITSWACHE<\/td><td class=\"einsatz-column-location\">Eltmann, Industriegebiet<\/td><td class=\"einsatz-column-title\"><a href=\"https:\/\/feuerwehr-eltmann.de\/?einsatz=sicherheitswache-6\" rel=\"bookmark\">Sicherheitswache<\/a><\/td><td class=\"einsatz-column-annotationImages\"><i class=\"fa-solid fa-camera\" aria-hidden=\"true\" title=\"Bericht enth\u00e4lt keine Bilder\" style=\"color: #bbbbbb;\"><\/i><\/td><\/tr><tr class=\"report\"><td class=\"smallscreen\" colspan=\"6\" data-permalink=\"https:\/\/feuerwehr-eltmann.de\/?einsatz=vu-mit-pkw-eine-pers-eingeklemmt-4\"><div class=\"annotation-icon-bar\"><i class=\"fa-solid fa-camera\" aria-hidden=\"true\" title=\"Bericht enth\u00e4lt Bilder\" style=\"\"><\/i><\/div><span class=\"einsatz-number\"><strong>Nummer:<\/strong> 2015017<\/span><br><span class=\"einsatz-datetime\"><strong>Datum:<\/strong> 16.04.2015 15:41<\/span><br><span class=\"einsatz-incidentType\"><strong>Einsatzart:<\/strong> THL 4<\/span><br><span class=\"einsatz-location\"><strong>Einsatzort:<\/strong> Limbach - Sand<\/span><br><span class=\"einsatz-title\"><strong>Einsatzmeldung:<\/strong> <a href=\"https:\/\/feuerwehr-eltmann.de\/?einsatz=vu-mit-pkw-eine-pers-eingeklemmt-4\" rel=\"bookmark\">VU mit PKW, eine Pers. eingeklemmt<\/a><\/span><br><\/td><td class=\"einsatz-column-number\">2015017<\/td><td class=\"einsatz-column-datetime\">16.04.2015 15:41<\/td><td class=\"einsatz-column-incidentType\">THL 4<\/td><td class=\"einsatz-column-location\">Limbach - Sand<\/td><td class=\"einsatz-column-title\"><a href=\"https:\/\/feuerwehr-eltmann.de\/?einsatz=vu-mit-pkw-eine-pers-eingeklemmt-4\" rel=\"bookmark\">VU mit PKW, eine Pers. eingeklemmt<\/a><\/td><td class=\"einsatz-column-annotationImages\"><i class=\"fa-solid fa-camera\" aria-hidden=\"true\" title=\"Bericht enth\u00e4lt Bilder\" style=\"\"><\/i><\/td><\/tr><tr class=\"report\"><td class=\"smallscreen\" colspan=\"6\" data-permalink=\"https:\/\/feuerwehr-eltmann.de\/?einsatz=brandmeldeanlage-21\"><div class=\"annotation-icon-bar\"><i class=\"fa-solid fa-camera\" aria-hidden=\"true\" title=\"Bericht enth\u00e4lt keine Bilder\" style=\"color: #bbbbbb;\"><\/i><\/div><span class=\"einsatz-number\"><strong>Nummer:<\/strong> 2015016<\/span><br><span class=\"einsatz-datetime\"><strong>Datum:<\/strong> 14.04.2015 11:22<\/span><br><span class=\"einsatz-incidentType\"><strong>Einsatzart:<\/strong> B BMA<\/span><br><span class=\"einsatz-location\"><strong>Einsatzort:<\/strong> A70, Tunnel Schwarzer Berg<\/span><br><span class=\"einsatz-title\"><strong>Einsatzmeldung:<\/strong> <a href=\"https:\/\/feuerwehr-eltmann.de\/?einsatz=brandmeldeanlage-21\" rel=\"bookmark\">Brandmeldeanlage<\/a><\/span><br><\/td><td class=\"einsatz-column-number\">2015016<\/td><td class=\"einsatz-column-datetime\">14.04.2015 11:22<\/td><td class=\"einsatz-column-incidentType\">B BMA<\/td><td class=\"einsatz-column-location\">A70, Tunnel Schwarzer Berg<\/td><td class=\"einsatz-column-title\"><a href=\"https:\/\/feuerwehr-eltmann.de\/?einsatz=brandmeldeanlage-21\" rel=\"bookmark\">Brandmeldeanlage<\/a><\/td><td class=\"einsatz-column-annotationImages\"><i class=\"fa-solid fa-camera\" aria-hidden=\"true\" title=\"Bericht enth\u00e4lt keine Bilder\" style=\"color: #bbbbbb;\"><\/i><\/td><\/tr><tr class=\"report\"><td class=\"smallscreen\" colspan=\"6\" data-permalink=\"https:\/\/feuerwehr-eltmann.de\/?einsatz=brand-freiflaeche-6\"><div class=\"annotation-icon-bar\"><i class=\"fa-solid fa-camera\" aria-hidden=\"true\" title=\"Bericht enth\u00e4lt Bilder\" style=\"\"><\/i><\/div><span class=\"einsatz-number\"><strong>Nummer:<\/strong> 2015015<\/span><br><span class=\"einsatz-datetime\"><strong>Datum:<\/strong> 03.04.2015 09:43<\/span><br><span class=\"einsatz-incidentType\"><strong>Einsatzart:<\/strong> B 1<\/span><br><span class=\"einsatz-location\"><strong>Einsatzort:<\/strong> Eltmann<\/span><br><span class=\"einsatz-title\"><strong>Einsatzmeldung:<\/strong> <a href=\"https:\/\/feuerwehr-eltmann.de\/?einsatz=brand-freiflaeche-6\" rel=\"bookmark\">Brand Freifl\u00e4che<\/a><\/span><br><\/td><td class=\"einsatz-column-number\">2015015<\/td><td class=\"einsatz-column-datetime\">03.04.2015 09:43<\/td><td class=\"einsatz-column-incidentType\">B 1<\/td><td class=\"einsatz-column-location\">Eltmann<\/td><td class=\"einsatz-column-title\"><a href=\"https:\/\/feuerwehr-eltmann.de\/?einsatz=brand-freiflaeche-6\" rel=\"bookmark\">Brand Freifl\u00e4che<\/a><\/td><td class=\"einsatz-column-annotationImages\"><i class=\"fa-solid fa-camera\" aria-hidden=\"true\" title=\"Bericht enth\u00e4lt Bilder\" style=\"\"><\/i><\/td><\/tr><tr class=\"zebracorrection\"><td colspan=\"6\">&nbsp;<\/td><\/tr><tr class=\"einsatz-title-month\"><td colspan=\"6\">M\u00e4rz<\/td><\/tr><tr class=\"einsatz-header\"><th style=\"white-space: nowrap;\">Nummer<\/th><th style=\"white-space: nowrap;\">Datum<\/th><th style=\"\">Einsatzart<\/th><th style=\"\">Einsatzort<\/th><th style=\"\">Einsatzmeldung<\/th><th style=\"\"><\/th><\/tr><tr class=\"report\"><td class=\"smallscreen\" colspan=\"6\" data-permalink=\"https:\/\/feuerwehr-eltmann.de\/?einsatz=baum-auf-strasse-4\"><div class=\"annotation-icon-bar\"><i class=\"fa-solid fa-camera\" aria-hidden=\"true\" title=\"Bericht enth\u00e4lt keine Bilder\" style=\"color: #bbbbbb;\"><\/i><\/div><span class=\"einsatz-number\"><strong>Nummer:<\/strong> 2015014<\/span><br><span class=\"einsatz-datetime\"><strong>Datum:<\/strong> 31.03.2015 15:59<\/span><br><span class=\"einsatz-incidentType\"><strong>Einsatzart:<\/strong> THL UNWETTER<\/span><br><span class=\"einsatz-location\"><strong>Einsatzort:<\/strong> Eltmann<\/span><br><span class=\"einsatz-title\"><strong>Einsatzmeldung:<\/strong> <a href=\"https:\/\/feuerwehr-eltmann.de\/?einsatz=baum-auf-strasse-4\" rel=\"bookmark\">Baum auf Stra\u00dfe<\/a><\/span><br><\/td><td class=\"einsatz-column-number\">2015014<\/td><td class=\"einsatz-column-datetime\">31.03.2015 15:59<\/td><td class=\"einsatz-column-incidentType\">THL UNWETTER<\/td><td class=\"einsatz-column-location\">Eltmann<\/td><td class=\"einsatz-column-title\"><a href=\"https:\/\/feuerwehr-eltmann.de\/?einsatz=baum-auf-strasse-4\" rel=\"bookmark\">Baum auf Stra\u00dfe<\/a><\/td><td class=\"einsatz-column-annotationImages\"><i class=\"fa-solid fa-camera\" aria-hidden=\"true\" title=\"Bericht enth\u00e4lt keine Bilder\" style=\"color: #bbbbbb;\"><\/i><\/td><\/tr><tr class=\"report\"><td class=\"smallscreen\" colspan=\"6\" data-permalink=\"https:\/\/feuerwehr-eltmann.de\/?einsatz=dach-schliessen-nach-unwetter\"><div class=\"annotation-icon-bar\"><i class=\"fa-solid fa-camera\" aria-hidden=\"true\" title=\"Bericht enth\u00e4lt keine Bilder\" style=\"color: #bbbbbb;\"><\/i><\/div><span class=\"einsatz-number\"><strong>Nummer:<\/strong> 2015013<\/span><br><span class=\"einsatz-datetime\"><strong>Datum:<\/strong> 31.03.2015 11:50<\/span><br><span class=\"einsatz-incidentType\"><strong>Einsatzart:<\/strong> THL UNWETTER<\/span><br><span class=\"einsatz-location\"><strong>Einsatzort:<\/strong> Lembach<\/span><br><span class=\"einsatz-title\"><strong>Einsatzmeldung:<\/strong> <a href=\"https:\/\/feuerwehr-eltmann.de\/?einsatz=dach-schliessen-nach-unwetter\" rel=\"bookmark\">Dach schlie\u00dfen nach Unwetter<\/a><\/span><br><\/td><td class=\"einsatz-column-number\">2015013<\/td><td class=\"einsatz-column-datetime\">31.03.2015 11:50<\/td><td class=\"einsatz-column-incidentType\">THL UNWETTER<\/td><td class=\"einsatz-column-location\">Lembach<\/td><td class=\"einsatz-column-title\"><a href=\"https:\/\/feuerwehr-eltmann.de\/?einsatz=dach-schliessen-nach-unwetter\" rel=\"bookmark\">Dach schlie\u00dfen nach Unwetter<\/a><\/td><td class=\"einsatz-column-annotationImages\"><i class=\"fa-solid fa-camera\" aria-hidden=\"true\" title=\"Bericht enth\u00e4lt keine Bilder\" style=\"color: #bbbbbb;\"><\/i><\/td><\/tr><tr class=\"report\"><td class=\"smallscreen\" colspan=\"6\" data-permalink=\"https:\/\/feuerwehr-eltmann.de\/?einsatz=rauchentwicklung-im-freien\"><div class=\"annotation-icon-bar\"><i class=\"fa-solid fa-camera\" aria-hidden=\"true\" title=\"Bericht enth\u00e4lt keine Bilder\" style=\"color: #bbbbbb;\"><\/i><\/div><span class=\"einsatz-number\"><strong>Nummer:<\/strong> 2015012<\/span><br><span class=\"einsatz-datetime\"><strong>Datum:<\/strong> 27.03.2015 18:47<\/span><br><span class=\"einsatz-incidentType\"><strong>Einsatzart:<\/strong> B 1<\/span><br><span class=\"einsatz-location\"><strong>Einsatzort:<\/strong> Eltmann - Limbach<\/span><br><span class=\"einsatz-title\"><strong>Einsatzmeldung:<\/strong> <a href=\"https:\/\/feuerwehr-eltmann.de\/?einsatz=rauchentwicklung-im-freien\" rel=\"bookmark\">Rauchentwicklung im Freien<\/a><\/span><br><\/td><td class=\"einsatz-column-number\">2015012<\/td><td class=\"einsatz-column-datetime\">27.03.2015 18:47<\/td><td class=\"einsatz-column-incidentType\">B 1<\/td><td class=\"einsatz-column-location\">Eltmann - Limbach<\/td><td class=\"einsatz-column-title\"><a href=\"https:\/\/feuerwehr-eltmann.de\/?einsatz=rauchentwicklung-im-freien\" rel=\"bookmark\">Rauchentwicklung im Freien<\/a><\/td><td class=\"einsatz-column-annotationImages\"><i class=\"fa-solid fa-camera\" aria-hidden=\"true\" title=\"Bericht enth\u00e4lt keine Bilder\" style=\"color: #bbbbbb;\"><\/i><\/td><\/tr><tr class=\"report\"><td class=\"smallscreen\" colspan=\"6\" data-permalink=\"https:\/\/feuerwehr-eltmann.de\/?einsatz=brandmeldeanlage-20\"><div class=\"annotation-icon-bar\"><i class=\"fa-solid fa-camera\" aria-hidden=\"true\" title=\"Bericht enth\u00e4lt keine Bilder\" style=\"color: #bbbbbb;\"><\/i><\/div><span class=\"einsatz-number\"><strong>Nummer:<\/strong> 2015011<\/span><br><span class=\"einsatz-datetime\"><strong>Datum:<\/strong> 18.03.2015 08:38<\/span><br><span class=\"einsatz-incidentType\"><strong>Einsatzart:<\/strong> B BMA<\/span><br><span class=\"einsatz-location\"><strong>Einsatzort:<\/strong> Eltmann, Industriegebiet<\/span><br><span class=\"einsatz-title\"><strong>Einsatzmeldung:<\/strong> <a href=\"https:\/\/feuerwehr-eltmann.de\/?einsatz=brandmeldeanlage-20\" rel=\"bookmark\">Brandmeldeanlage<\/a><\/span><br><\/td><td class=\"einsatz-column-number\">2015011<\/td><td class=\"einsatz-column-datetime\">18.03.2015 08:38<\/td><td class=\"einsatz-column-incidentType\">B BMA<\/td><td class=\"einsatz-column-location\">Eltmann, Industriegebiet<\/td><td class=\"einsatz-column-title\"><a href=\"https:\/\/feuerwehr-eltmann.de\/?einsatz=brandmeldeanlage-20\" rel=\"bookmark\">Brandmeldeanlage<\/a><\/td><td class=\"einsatz-column-annotationImages\"><i class=\"fa-solid fa-camera\" aria-hidden=\"true\" title=\"Bericht enth\u00e4lt keine Bilder\" style=\"color: #bbbbbb;\"><\/i><\/td><\/tr><tr class=\"report\"><td class=\"smallscreen\" colspan=\"6\" data-permalink=\"https:\/\/feuerwehr-eltmann.de\/?einsatz=brandmeldeanalage\"><div class=\"annotation-icon-bar\"><i class=\"fa-solid fa-camera\" aria-hidden=\"true\" title=\"Bericht enth\u00e4lt keine Bilder\" style=\"color: #bbbbbb;\"><\/i><\/div><span class=\"einsatz-number\"><strong>Nummer:<\/strong> 2015010<\/span><br><span class=\"einsatz-datetime\"><strong>Datum:<\/strong> 12.03.2015 06:39<\/span><br><span class=\"einsatz-incidentType\"><strong>Einsatzart:<\/strong> B BMA<\/span><br><span class=\"einsatz-location\"><strong>Einsatzort:<\/strong> Eltmann, Industriegebiet<\/span><br><span class=\"einsatz-title\"><strong>Einsatzmeldung:<\/strong> <a href=\"https:\/\/feuerwehr-eltmann.de\/?einsatz=brandmeldeanalage\" rel=\"bookmark\">Brandmeldeanlage<\/a><\/span><br><\/td><td class=\"einsatz-column-number\">2015010<\/td><td class=\"einsatz-column-datetime\">12.03.2015 06:39<\/td><td class=\"einsatz-column-incidentType\">B BMA<\/td><td class=\"einsatz-column-location\">Eltmann, Industriegebiet<\/td><td class=\"einsatz-column-title\"><a href=\"https:\/\/feuerwehr-eltmann.de\/?einsatz=brandmeldeanalage\" rel=\"bookmark\">Brandmeldeanlage<\/a><\/td><td class=\"einsatz-column-annotationImages\"><i class=\"fa-solid fa-camera\" aria-hidden=\"true\" title=\"Bericht enth\u00e4lt keine Bilder\" style=\"color: #bbbbbb;\"><\/i><\/td><\/tr><tr class=\"report\"><td class=\"smallscreen\" colspan=\"6\" data-permalink=\"https:\/\/feuerwehr-eltmann.de\/?einsatz=oelspur-15\"><div class=\"annotation-icon-bar\"><i class=\"fa-solid fa-camera\" aria-hidden=\"true\" title=\"Bericht enth\u00e4lt keine Bilder\" style=\"color: #bbbbbb;\"><\/i><\/div><span class=\"einsatz-number\"><strong>Nummer:<\/strong> 2015009<\/span><br><span class=\"einsatz-datetime\"><strong>Datum:<\/strong> 11.03.2015 16:21<\/span><br><span class=\"einsatz-incidentType\"><strong>Einsatzart:<\/strong> THL 1<\/span><br><span class=\"einsatz-location\"><strong>Einsatzort:<\/strong> Eltmann<\/span><br><span class=\"einsatz-title\"><strong>Einsatzmeldung:<\/strong> <a href=\"https:\/\/feuerwehr-eltmann.de\/?einsatz=oelspur-15\" rel=\"bookmark\">\u00d6lspur<\/a><\/span><br><\/td><td class=\"einsatz-column-number\">2015009<\/td><td class=\"einsatz-column-datetime\">11.03.2015 16:21<\/td><td class=\"einsatz-column-incidentType\">THL 1<\/td><td class=\"einsatz-column-location\">Eltmann<\/td><td class=\"einsatz-column-title\"><a href=\"https:\/\/feuerwehr-eltmann.de\/?einsatz=oelspur-15\" rel=\"bookmark\">\u00d6lspur<\/a><\/td><td class=\"einsatz-column-annotationImages\"><i class=\"fa-solid fa-camera\" aria-hidden=\"true\" title=\"Bericht enth\u00e4lt keine Bilder\" style=\"color: #bbbbbb;\"><\/i><\/td><\/tr><tr class=\"report\"><td class=\"smallscreen\" colspan=\"6\" data-permalink=\"https:\/\/feuerwehr-eltmann.de\/?einsatz=brand-freiflaeche-5\"><div class=\"annotation-icon-bar\"><i class=\"fa-solid fa-camera\" aria-hidden=\"true\" title=\"Bericht enth\u00e4lt keine Bilder\" style=\"color: #bbbbbb;\"><\/i><\/div><span class=\"einsatz-number\"><strong>Nummer:<\/strong> 2015008<\/span><br><span class=\"einsatz-datetime\"><strong>Datum:<\/strong> 05.03.2015 14:09<\/span><br><span class=\"einsatz-incidentType\"><strong>Einsatzart:<\/strong> B 1<\/span><br><span class=\"einsatz-location\"><strong>Einsatzort:<\/strong> Eltmann<\/span><br><span class=\"einsatz-title\"><strong>Einsatzmeldung:<\/strong> <a href=\"https:\/\/feuerwehr-eltmann.de\/?einsatz=brand-freiflaeche-5\" rel=\"bookmark\">Brand Freifl\u00e4che<\/a><\/span><br><\/td><td class=\"einsatz-column-number\">2015008<\/td><td class=\"einsatz-column-datetime\">05.03.2015 14:09<\/td><td class=\"einsatz-column-incidentType\">B 1<\/td><td class=\"einsatz-column-location\">Eltmann<\/td><td class=\"einsatz-column-title\"><a href=\"https:\/\/feuerwehr-eltmann.de\/?einsatz=brand-freiflaeche-5\" rel=\"bookmark\">Brand Freifl\u00e4che<\/a><\/td><td class=\"einsatz-column-annotationImages\"><i class=\"fa-solid fa-camera\" aria-hidden=\"true\" title=\"Bericht enth\u00e4lt keine Bilder\" style=\"color: #bbbbbb;\"><\/i><\/td><\/tr><tr class=\"zebracorrection\"><td colspan=\"6\">&nbsp;<\/td><\/tr><tr class=\"einsatz-title-month\"><td colspan=\"6\">Februar<\/td><\/tr><tr class=\"einsatz-header\"><th style=\"white-space: nowrap;\">Nummer<\/th><th style=\"white-space: nowrap;\">Datum<\/th><th style=\"\">Einsatzart<\/th><th style=\"\">Einsatzort<\/th><th style=\"\">Einsatzmeldung<\/th><th style=\"\"><\/th><\/tr><tr class=\"report\"><td class=\"smallscreen\" colspan=\"6\" data-permalink=\"https:\/\/feuerwehr-eltmann.de\/?einsatz=verkehrslenkung-faschingsumzug-3\"><div class=\"annotation-icon-bar\"><i class=\"fa-solid fa-camera\" aria-hidden=\"true\" title=\"Bericht enth\u00e4lt keine Bilder\" style=\"color: #bbbbbb;\"><\/i><\/div><span class=\"einsatz-number\"><strong>Nummer:<\/strong> 2015007<\/span><br><span class=\"einsatz-datetime\"><strong>Datum:<\/strong> 17.02.2015 13:00<\/span><br><span class=\"einsatz-incidentType\"><strong>Einsatzart:<\/strong> INF VERKEHRSSICHERUNG<\/span><br><span class=\"einsatz-location\"><strong>Einsatzort:<\/strong> Eltmann<\/span><br><span class=\"einsatz-title\"><strong>Einsatzmeldung:<\/strong> <a href=\"https:\/\/feuerwehr-eltmann.de\/?einsatz=verkehrslenkung-faschingsumzug-3\" rel=\"bookmark\">Verkehrslenkung Faschingsumzug<\/a><\/span><br><\/td><td class=\"einsatz-column-number\">2015007<\/td><td class=\"einsatz-column-datetime\">17.02.2015 13:00<\/td><td class=\"einsatz-column-incidentType\">INF VERKEHRSSICHERUNG<\/td><td class=\"einsatz-column-location\">Eltmann<\/td><td class=\"einsatz-column-title\"><a href=\"https:\/\/feuerwehr-eltmann.de\/?einsatz=verkehrslenkung-faschingsumzug-3\" rel=\"bookmark\">Verkehrslenkung Faschingsumzug<\/a><\/td><td class=\"einsatz-column-annotationImages\"><i class=\"fa-solid fa-camera\" aria-hidden=\"true\" title=\"Bericht enth\u00e4lt keine Bilder\" style=\"color: #bbbbbb;\"><\/i><\/td><\/tr><tr class=\"report\"><td class=\"smallscreen\" colspan=\"6\" data-permalink=\"https:\/\/feuerwehr-eltmann.de\/?einsatz=oelspur-14\"><div class=\"annotation-icon-bar\"><i class=\"fa-solid fa-camera\" aria-hidden=\"true\" title=\"Bericht enth\u00e4lt keine Bilder\" style=\"color: #bbbbbb;\"><\/i><\/div><span class=\"einsatz-number\"><strong>Nummer:<\/strong> 2015006<\/span><br><span class=\"einsatz-datetime\"><strong>Datum:<\/strong> 17.02.2015 12:33<\/span><br><span class=\"einsatz-incidentType\"><strong>Einsatzart:<\/strong> THL 1<\/span><br><span class=\"einsatz-location\"><strong>Einsatzort:<\/strong> Eltmann<\/span><br><span class=\"einsatz-title\"><strong>Einsatzmeldung:<\/strong> <a href=\"https:\/\/feuerwehr-eltmann.de\/?einsatz=oelspur-14\" rel=\"bookmark\">\u00d6lspur<\/a><\/span><br><\/td><td class=\"einsatz-column-number\">2015006<\/td><td class=\"einsatz-column-datetime\">17.02.2015 12:33<\/td><td class=\"einsatz-column-incidentType\">THL 1<\/td><td class=\"einsatz-column-location\">Eltmann<\/td><td class=\"einsatz-column-title\"><a href=\"https:\/\/feuerwehr-eltmann.de\/?einsatz=oelspur-14\" rel=\"bookmark\">\u00d6lspur<\/a><\/td><td class=\"einsatz-column-annotationImages\"><i class=\"fa-solid fa-camera\" aria-hidden=\"true\" title=\"Bericht enth\u00e4lt keine Bilder\" style=\"color: #bbbbbb;\"><\/i><\/td><\/tr><tr class=\"report\"><td class=\"smallscreen\" colspan=\"6\" data-permalink=\"https:\/\/feuerwehr-eltmann.de\/?einsatz=zimmerbrand-3\"><div class=\"annotation-icon-bar\"><i class=\"fa-solid fa-camera\" aria-hidden=\"true\" title=\"Bericht enth\u00e4lt Bilder\" style=\"\"><\/i><\/div><span class=\"einsatz-number\"><strong>Nummer:<\/strong> 2015005<\/span><br><span class=\"einsatz-datetime\"><strong>Datum:<\/strong> 04.02.2015 04:20<\/span><br><span class=\"einsatz-incidentType\"><strong>Einsatzart:<\/strong> B 3<\/span><br><span class=\"einsatz-location\"><strong>Einsatzort:<\/strong> Unterschleichach<\/span><br><span class=\"einsatz-title\"><strong>Einsatzmeldung:<\/strong> <a href=\"https:\/\/feuerwehr-eltmann.de\/?einsatz=zimmerbrand-3\" rel=\"bookmark\">Zimmerbrand<\/a><\/span><br><\/td><td class=\"einsatz-column-number\">2015005<\/td><td class=\"einsatz-column-datetime\">04.02.2015 04:20<\/td><td class=\"einsatz-column-incidentType\">B 3<\/td><td class=\"einsatz-column-location\">Unterschleichach<\/td><td class=\"einsatz-column-title\"><a href=\"https:\/\/feuerwehr-eltmann.de\/?einsatz=zimmerbrand-3\" rel=\"bookmark\">Zimmerbrand<\/a><\/td><td class=\"einsatz-column-annotationImages\"><i class=\"fa-solid fa-camera\" aria-hidden=\"true\" title=\"Bericht enth\u00e4lt Bilder\" style=\"\"><\/i><\/td><\/tr><tr class=\"zebracorrection\"><td colspan=\"6\">&nbsp;<\/td><\/tr><tr class=\"einsatz-title-month\"><td colspan=\"6\">Januar<\/td><\/tr><tr class=\"einsatz-header\"><th style=\"white-space: nowrap;\">Nummer<\/th><th style=\"white-space: nowrap;\">Datum<\/th><th style=\"\">Einsatzart<\/th><th style=\"\">Einsatzort<\/th><th style=\"\">Einsatzmeldung<\/th><th style=\"\"><\/th><\/tr><tr class=\"report\"><td class=\"smallscreen\" colspan=\"6\" data-permalink=\"https:\/\/feuerwehr-eltmann.de\/?einsatz=brandgeruch-in-gebaeude\"><div class=\"annotation-icon-bar\"><i class=\"fa-solid fa-camera\" aria-hidden=\"true\" title=\"Bericht enth\u00e4lt keine Bilder\" style=\"color: #bbbbbb;\"><\/i><\/div><span class=\"einsatz-number\"><strong>Nummer:<\/strong> 2015004<\/span><br><span class=\"einsatz-datetime\"><strong>Datum:<\/strong> 11.01.2015 01:26<\/span><br><span class=\"einsatz-incidentType\"><strong>Einsatzart:<\/strong> B 3<\/span><br><span class=\"einsatz-location\"><strong>Einsatzort:<\/strong> Eltmann<\/span><br><span class=\"einsatz-title\"><strong>Einsatzmeldung:<\/strong> <a href=\"https:\/\/feuerwehr-eltmann.de\/?einsatz=brandgeruch-in-gebaeude\" rel=\"bookmark\">Brandgeruch in Geb\u00e4ude<\/a><\/span><br><\/td><td class=\"einsatz-column-number\">2015004<\/td><td class=\"einsatz-column-datetime\">11.01.2015 01:26<\/td><td class=\"einsatz-column-incidentType\">B 3<\/td><td class=\"einsatz-column-location\">Eltmann<\/td><td class=\"einsatz-column-title\"><a href=\"https:\/\/feuerwehr-eltmann.de\/?einsatz=brandgeruch-in-gebaeude\" rel=\"bookmark\">Brandgeruch in Geb\u00e4ude<\/a><\/td><td class=\"einsatz-column-annotationImages\"><i class=\"fa-solid fa-camera\" aria-hidden=\"true\" title=\"Bericht enth\u00e4lt keine Bilder\" style=\"color: #bbbbbb;\"><\/i><\/td><\/tr><tr class=\"report\"><td class=\"smallscreen\" colspan=\"6\" data-permalink=\"https:\/\/feuerwehr-eltmann.de\/?einsatz=verkehrslenkung-2\"><div class=\"annotation-icon-bar\"><i class=\"fa-solid fa-camera\" aria-hidden=\"true\" title=\"Bericht enth\u00e4lt keine Bilder\" style=\"color: #bbbbbb;\"><\/i><\/div><span class=\"einsatz-number\"><strong>Nummer:<\/strong> 2015003<\/span><br><span class=\"einsatz-datetime\"><strong>Datum:<\/strong> 10.01.2015 15:00<\/span><br><span class=\"einsatz-incidentType\"><strong>Einsatzart:<\/strong> INF VERKEHRSSICHERUNG<\/span><br><span class=\"einsatz-location\"><strong>Einsatzort:<\/strong> Eltmann<\/span><br><span class=\"einsatz-title\"><strong>Einsatzmeldung:<\/strong> <a href=\"https:\/\/feuerwehr-eltmann.de\/?einsatz=verkehrslenkung-2\" rel=\"bookmark\">Verkehrslenkung<\/a><\/span><br><\/td><td class=\"einsatz-column-number\">2015003<\/td><td class=\"einsatz-column-datetime\">10.01.2015 15:00<\/td><td class=\"einsatz-column-incidentType\">INF VERKEHRSSICHERUNG<\/td><td class=\"einsatz-column-location\">Eltmann<\/td><td class=\"einsatz-column-title\"><a href=\"https:\/\/feuerwehr-eltmann.de\/?einsatz=verkehrslenkung-2\" rel=\"bookmark\">Verkehrslenkung<\/a><\/td><td class=\"einsatz-column-annotationImages\"><i class=\"fa-solid fa-camera\" aria-hidden=\"true\" title=\"Bericht enth\u00e4lt keine Bilder\" style=\"color: #bbbbbb;\"><\/i><\/td><\/tr><tr class=\"report\"><td class=\"smallscreen\" colspan=\"6\" data-permalink=\"https:\/\/feuerwehr-eltmann.de\/?einsatz=person-in-wohnung-8\"><div class=\"annotation-icon-bar\"><i class=\"fa-solid fa-camera\" aria-hidden=\"true\" title=\"Bericht enth\u00e4lt keine Bilder\" style=\"color: #bbbbbb;\"><\/i><\/div><span class=\"einsatz-number\"><strong>Nummer:<\/strong> 2015002<\/span><br><span class=\"einsatz-datetime\"><strong>Datum:<\/strong> 06.01.2015 09:29<\/span><br><span class=\"einsatz-incidentType\"><strong>Einsatzart:<\/strong> THL P EINGESCHLOSSEN<\/span><br><span class=\"einsatz-location\"><strong>Einsatzort:<\/strong> Eltmann<\/span><br><span class=\"einsatz-title\"><strong>Einsatzmeldung:<\/strong> <a href=\"https:\/\/feuerwehr-eltmann.de\/?einsatz=person-in-wohnung-8\" rel=\"bookmark\">Person in Wohnung<\/a><\/span><br><\/td><td class=\"einsatz-column-number\">2015002<\/td><td class=\"einsatz-column-datetime\">06.01.2015 09:29<\/td><td class=\"einsatz-column-incidentType\">THL P EINGESCHLOSSEN<\/td><td class=\"einsatz-column-location\">Eltmann<\/td><td class=\"einsatz-column-title\"><a href=\"https:\/\/feuerwehr-eltmann.de\/?einsatz=person-in-wohnung-8\" rel=\"bookmark\">Person in Wohnung<\/a><\/td><td class=\"einsatz-column-annotationImages\"><i class=\"fa-solid fa-camera\" aria-hidden=\"true\" title=\"Bericht enth\u00e4lt keine Bilder\" style=\"color: #bbbbbb;\"><\/i><\/td><\/tr><tr class=\"report\"><td class=\"smallscreen\" colspan=\"6\" data-permalink=\"https:\/\/feuerwehr-eltmann.de\/?einsatz=person-in-wohnung-7\"><div class=\"annotation-icon-bar\"><i class=\"fa-solid fa-camera\" aria-hidden=\"true\" title=\"Bericht enth\u00e4lt keine Bilder\" style=\"color: #bbbbbb;\"><\/i><\/div><span class=\"einsatz-number\"><strong>Nummer:<\/strong> 2015001<\/span><br><span class=\"einsatz-datetime\"><strong>Datum:<\/strong> 02.01.2015 12:08<\/span><br><span class=\"einsatz-incidentType\"><strong>Einsatzart:<\/strong> THL P EINGESCHLOSSEN<\/span><br><span class=\"einsatz-location\"><strong>Einsatzort:<\/strong> Eltmann<\/span><br><span class=\"einsatz-title\"><strong>Einsatzmeldung:<\/strong> <a href=\"https:\/\/feuerwehr-eltmann.de\/?einsatz=person-in-wohnung-7\" rel=\"bookmark\">Person in Wohnung<\/a><\/span><br><\/td><td class=\"einsatz-column-number\">2015001<\/td><td class=\"einsatz-column-datetime\">02.01.2015 12:08<\/td><td class=\"einsatz-column-incidentType\">THL P EINGESCHLOSSEN<\/td><td class=\"einsatz-column-location\">Eltmann<\/td><td class=\"einsatz-column-title\"><a href=\"https:\/\/feuerwehr-eltmann.de\/?einsatz=person-in-wohnung-7\" rel=\"bookmark\">Person in Wohnung<\/a><\/td><td class=\"einsatz-column-annotationImages\"><i class=\"fa-solid fa-camera\" aria-hidden=\"true\" title=\"Bericht enth\u00e4lt keine Bilder\" style=\"color: #bbbbbb;\"><\/i><\/td><\/tr><\/tbody><\/table><\/code><\/p>\n","protected":false},"excerpt":{"rendered":"","protected":false},"author":2,"featured_media":0,"parent":93,"menu_order":0,"comment_status":"closed","ping_status":"closed","template":"","meta":{"_mc_calendar":[],"footnotes":""},"class_list":["post-498","page","type-page","status-publish","hentry"],"_links":{"self":[{"href":"https:\/\/feuerwehr-eltmann.de\/index.php?rest_route=\/wp\/v2\/pages\/498","targetHints":{"allow":["GET"]}}],"collection":[{"href":"https:\/\/feuerwehr-eltmann.de\/index.php?rest_route=\/wp\/v2\/pages"}],"about":[{"href":"https:\/\/feuerwehr-eltmann.de\/index.php?rest_route=\/wp\/v2\/types\/page"}],"author":[{"embeddable":true,"href":"https:\/\/feuerwehr-eltmann.de\/index.php?rest_route=\/wp\/v2\/users\/2"}],"replies":[{"embeddable":true,"href":"https:\/\/feuerwehr-eltmann.de\/index.php?rest_route=%2Fwp%2Fv2%2Fcomments&post=498"}],"version-history":[{"count":2,"href":"https:\/\/feuerwehr-eltmann.de\/index.php?rest_route=\/wp\/v2\/pages\/498\/revisions"}],"predecessor-version":[{"id":1798,"href":"https:\/\/feuerwehr-eltmann.de\/index.php?rest_route=\/wp\/v2\/pages\/498\/revisions\/1798"}],"up":[{"embeddable":true,"href":"https:\/\/feuerwehr-eltmann.de\/index.php?rest_route=\/wp\/v2\/pages\/93"}],"wp:attachment":[{"href":"https:\/\/feuerwehr-eltmann.de\/index.php?rest_route=%2Fwp%2Fv2%2Fmedia&parent=498"}],"curies":[{"name":"wp","href":"https:\/\/api.w.org\/{rel}","templated":true}]}}